{"id":1108,"date":"2018-10-25T09:04:59","date_gmt":"2018-10-25T09:04:59","guid":{"rendered":"https:\/\/albrecht-elektrotechnik.de\/index.php\/data-protection-policy\/"},"modified":"2021-05-06T12:16:57","modified_gmt":"2021-05-06T12:16:57","slug":"data-protection-policy","status":"publish","type":"page","link":"https:\/\/albrecht-elektrotechnik.de\/en\/index.php\/data-protection-policy\/","title":{"rendered":"Data protection policy"},"content":{"rendered":"<p>[et_pb_section fb_built=&#8221;1&#8243; fullwidth=&#8221;on&#8221; _builder_version=&#8221;3.22&#8243;][et_pb_fullwidth_slider show_arrows=&#8221;off&#8221; show_pagination=&#8221;off&#8221; admin_label=&#8221;Headline PIC&#8221; _builder_version=&#8221;3.16&#8243; button_text_size__hover_enabled=&#8221;off&#8221; button_one_text_size__hover_enabled=&#8221;off&#8221; button_two_text_size__hover_enabled=&#8221;off&#8221; button_text_color__hover_enabled=&#8221;off&#8221; button_one_text_color__hover_enabled=&#8221;off&#8221; button_two_text_color__hover_enabled=&#8221;off&#8221; button_border_width__hover_enabled=&#8221;off&#8221; button_one_border_width__hover_enabled=&#8221;off&#8221; button_two_border_width__hover_enabled=&#8221;off&#8221; button_border_color__hover_enabled=&#8221;off&#8221; button_one_border_color__hover_enabled=&#8221;off&#8221; button_two_border_color__hover_enabled=&#8221;off&#8221; button_border_radius__hover_enabled=&#8221;off&#8221; button_one_border_radius__hover_enabled=&#8221;off&#8221; button_two_border_radius__hover_enabled=&#8221;off&#8221; button_letter_spacing__hover_enabled=&#8221;off&#8221; button_one_letter_spacing__hover_enabled=&#8221;off&#8221; button_two_letter_spacing__hover_enabled=&#8221;off&#8221; button_bg_color__hover_enabled=&#8221;off&#8221; button_one_bg_color__hover_enabled=&#8221;off&#8221; button_two_bg_color__hover_enabled=&#8221;off&#8221;][et_pb_slide heading=&#8221;Data protection policy&#8221; use_bg_overlay=&#8221;on&#8221; bg_overlay_color=&#8221;rgba(0,92,153,0.7)&#8221; use_text_overlay=&#8221;off&#8221; admin_title=&#8221;Headline&#8221; _builder_version=&#8221;3.16&#8243; header_font=&#8221;Open Sans|300|||||||&#8221; header_text_align=&#8221;center&#8221; header_font_size=&#8221;70&#8243; background_image=&#8221;https:\/\/albrecht-elektrotechnik.de\/wp-content\/uploads\/2018\/07\/Bild-Startseite-bearbeitet.jpg&#8221; parallax=&#8221;on&#8221; parallax_method=&#8221;off&#8221; button_on_hover=&#8221;on&#8221; header_font_size_tablet=&#8221;70&#8243; header_font_size_phone=&#8221;70&#8243; button_text_size__hover_enabled=&#8221;off&#8221; button_one_text_size__hover_enabled=&#8221;off&#8221; button_two_text_size__hover_enabled=&#8221;off&#8221; button_text_color__hover_enabled=&#8221;off&#8221; button_one_text_color__hover_enabled=&#8221;off&#8221; button_two_text_color__hover_enabled=&#8221;off&#8221; button_border_width__hover_enabled=&#8221;off&#8221; button_one_border_width__hover_enabled=&#8221;off&#8221; button_two_border_width__hover_enabled=&#8221;off&#8221; button_border_color__hover_enabled=&#8221;off&#8221; button_one_border_color__hover_enabled=&#8221;off&#8221; button_two_border_color__hover_enabled=&#8221;off&#8221; button_border_radius__hover_enabled=&#8221;off&#8221; button_one_border_radius__hover_enabled=&#8221;off&#8221; button_two_border_radius__hover_enabled=&#8221;off&#8221; button_letter_spacing__hover_enabled=&#8221;off&#8221; button_one_letter_spacing__hover_enabled=&#8221;off&#8221; button_two_letter_spacing__hover_enabled=&#8221;off&#8221; button_bg_color__hover_enabled=&#8221;off&#8221; button_one_bg_color__hover_enabled=&#8221;off&#8221; button_two_bg_color__hover_enabled=&#8221;off&#8221; sticky_transition=&#8221;on&#8221;][\/et_pb_slide][\/et_pb_fullwidth_slider][\/et_pb_section][et_pb_section fb_built=&#8221;1&#8243; _builder_version=&#8221;3.22&#8243;][et_pb_row _builder_version=&#8221;3.25&#8243;][et_pb_column type=&#8221;4_4&#8243; _builder_version=&#8221;3.25&#8243; custom_padding=&#8221;|||&#8221; custom_padding__hover=&#8221;|||&#8221;][et_pb_text _builder_version=&#8221;4.9.1&#8243; hover_enabled=&#8221;0&#8243; sticky_enabled=&#8221;0&#8243;]<\/p>\n<h1 style=\"box-sizing: border-box; margin: 0px; padding: 0px 0px 10px; border: 0px; outline: 0px; font-size: 40px; text-size-adjust: 100%; vertical-align: baseline; background: #ffffff; color: #333333; line-height: 1em; font-weight: 500; font-family: 'Open Sans', Helvetica, Arial, Lucida, sans-serif; font-style: normal; font-variant-ligatures: normal; font-variant-caps: normal; letter-spacing: normal; orphans: 2; text-align: left; text-indent: 0px; text-transform: none; white-space: normal; widows: 2; word-spacing: 0px; -webkit-text-stroke-width: 0px; text-decoration-thickness: initial; text-decoration-style: initial; text-decoration-color: initial;\">Datenschutzhinweis<\/h1>\n<p style=\"box-sizing: border-box; margin: 0px; padding: 0px 0px 1em; border: 0px; outline: 0px; font-size: 16px; text-size-adjust: 100%; vertical-align: baseline; background: #ffffff; color: #666666; font-family: 'Open Sans', Helvetica, Arial, Lucida, sans-serif; font-style: normal; font-variant-ligatures: normal; font-variant-caps: normal; font-weight: 500; letter-spacing: normal; orphans: 2; text-align: left; text-indent: 0px; text-transform: none; white-space: normal; widows: 2; word-spacing: 0px; -webkit-text-stroke-width: 0px; text-decoration-thickness: initial; text-decoration-style: initial; text-decoration-color: initial;\">Der Schutz Ihrer personenbezogenen Daten hat einen besonders hohen Stellenwert f\u00fcr die Firma Albrecht Elektrotechnik GmbH.<\/p>\n<p style=\"box-sizing: border-box; margin: 0px; padding: 0px 0px 1em; border: 0px; outline: 0px; font-size: 16px; text-size-adjust: 100%; vertical-align: baseline; background: #ffffff; color: #666666; font-family: 'Open Sans', Helvetica, Arial, Lucida, sans-serif; font-style: normal; font-variant-ligatures: normal; font-variant-caps: normal; font-weight: 500; letter-spacing: normal; orphans: 2; text-align: left; text-indent: 0px; text-transform: none; white-space: normal; widows: 2; word-spacing: 0px; -webkit-text-stroke-width: 0px; text-decoration-thickness: initial; text-decoration-style: initial; text-decoration-color: initial;\"><strong style=\"box-sizing: border-box; margin: 0px; padding: 0px; border: 0px; outline: 0px; font-size: 16px; text-size-adjust: 100%; vertical-align: baseline; background: transparent; font-weight: bold;\">Name und Anschrift der verantwortlichen Stelle<\/strong><\/p>\n<p style=\"box-sizing: border-box; margin: 0px; padding: 0px 0px 1em; border: 0px; outline: 0px; font-size: 16px; text-size-adjust: 100%; vertical-align: baseline; background: #ffffff; color: #666666; font-family: 'Open Sans', Helvetica, Arial, Lucida, sans-serif; font-style: normal; font-variant-ligatures: normal; font-variant-caps: normal; font-weight: 500; letter-spacing: normal; orphans: 2; text-align: left; text-indent: 0px; text-transform: none; white-space: normal; widows: 2; word-spacing: 0px; -webkit-text-stroke-width: 0px; text-decoration-thickness: initial; text-decoration-style: initial; text-decoration-color: initial;\">Verantwortlicher im Sinne der Datenschutz-Grundverordnung, sonstiger in den Mitgliedstaaten der Europ\u00e4ischen Union geltenden Datenschutzgesetze und anderer Bestimmungen mit datenschutzrechtlichem Charakter ist die<\/p>\n<p style=\"box-sizing: border-box; margin: 0px; padding: 0px 0px 1em; border: 0px; outline: 0px; font-size: 16px; text-size-adjust: 100%; vertical-align: baseline; background: #ffffff; color: #666666; font-family: 'Open Sans', Helvetica, Arial, Lucida, sans-serif; font-style: normal; font-variant-ligatures: normal; font-variant-caps: normal; font-weight: 500; letter-spacing: normal; orphans: 2; text-align: left; text-indent: 0px; text-transform: none; white-space: normal; widows: 2; word-spacing: 0px; -webkit-text-stroke-width: 0px; text-decoration-thickness: initial; text-decoration-style: initial; text-decoration-color: initial;\">Albrecht Elektrotechnik GmbH<br style=\"box-sizing: border-box;\" \/>Im Engelfeld 10<br style=\"box-sizing: border-box;\" \/>D \u2013 87509 Immenstadt<br style=\"box-sizing: border-box;\" \/>Telefon: +49 8323 \/ 9651 \u2013 0<br style=\"box-sizing: border-box;\" \/>Telefax: +49 8323 \/ 9651 \u2013 91<br style=\"box-sizing: border-box;\" \/>Mail:<span>\u00a0<\/span><a style=\"box-sizing: border-box; margin: 0px; padding: 0px; border: 0px; outline: 0px; font-size: 16px; text-size-adjust: 100%; vertical-align: baseline; background: transparent; color: #8e8e8e; text-decoration: none;\">info [at] albrecht-elektrotechnik [dot] de<\/a><\/p>\n<p style=\"box-sizing: border-box; margin: 0px; padding: 0px 0px 1em; border: 0px; outline: 0px; font-size: 16px; text-size-adjust: 100%; vertical-align: baseline; background: #ffffff; color: #666666; font-family: 'Open Sans', Helvetica, Arial, Lucida, sans-serif; font-style: normal; font-variant-ligatures: normal; font-variant-caps: normal; font-weight: 500; letter-spacing: normal; orphans: 2; text-align: left; text-indent: 0px; text-transform: none; white-space: normal; widows: 2; word-spacing: 0px; -webkit-text-stroke-width: 0px; text-decoration-thickness: initial; text-decoration-style: initial; text-decoration-color: initial;\"><strong style=\"box-sizing: border-box; margin: 0px; padding: 0px; border: 0px; outline: 0px; font-size: 16px; text-size-adjust: 100%; vertical-align: baseline; background: transparent; font-weight: bold;\">Kontaktdaten des Datenschutzbeauftragten (Art. 13 Abs. 1 b DS-GVO)<\/strong><\/p>\n<p style=\"box-sizing: border-box; margin: 0px; padding: 0px 0px 1em; border: 0px; outline: 0px; font-size: 16px; text-size-adjust: 100%; vertical-align: baseline; background: #ffffff; color: #666666; font-family: 'Open Sans', Helvetica, Arial, Lucida, sans-serif; font-style: normal; font-variant-ligatures: normal; font-variant-caps: normal; font-weight: 500; letter-spacing: normal; orphans: 2; text-align: left; text-indent: 0px; text-transform: none; white-space: normal; widows: 2; word-spacing: 0px; -webkit-text-stroke-width: 0px; text-decoration-thickness: initial; text-decoration-style: initial; text-decoration-color: initial;\">Telefon: +49 8323 \/ 9651 \u2013 0<br style=\"box-sizing: border-box;\" \/>Telefax: +49 8323 \/ 9651 \u2013 91<br style=\"box-sizing: border-box;\" \/>Mail:<span>\u00a0<\/span><a style=\"box-sizing: border-box; margin: 0px; padding: 0px; border: 0px; outline: 0px; font-size: 16px; text-size-adjust: 100%; vertical-align: baseline; background: transparent; color: #8e8e8e; text-decoration: none;\">datenschutzbeauftragter [at] albrecht-elektrotechnik [dot] de<\/a><\/p>\n<p style=\"box-sizing: border-box; margin: 0px; padding: 0px 0px 1em; border: 0px; outline: 0px; font-size: 16px; text-size-adjust: 100%; vertical-align: baseline; background: #ffffff; color: #666666; font-family: 'Open Sans', Helvetica, Arial, Lucida, sans-serif; font-style: normal; font-variant-ligatures: normal; font-variant-caps: normal; font-weight: 500; letter-spacing: normal; orphans: 2; text-align: left; text-indent: 0px; text-transform: none; white-space: normal; widows: 2; word-spacing: 0px; -webkit-text-stroke-width: 0px; text-decoration-thickness: initial; text-decoration-style: initial; text-decoration-color: initial;\"><strong style=\"box-sizing: border-box; margin: 0px; padding: 0px; border: 0px; outline: 0px; font-size: 16px; text-size-adjust: 100%; vertical-align: baseline; background: transparent; font-weight: bold;\">Ihre Betroffenenrechte<\/strong><\/p>\n<ol style=\"box-sizing: border-box; margin: 0px; padding: 0px 0px 1em; border: 0px; outline: 0px; font-size: 16px; text-size-adjust: 100%; vertical-align: baseline; background: #ffffff; list-style: inside decimal; line-height: 26px; color: #666666; font-family: 'Open Sans', Helvetica, Arial, Lucida, sans-serif; font-style: normal; font-variant-ligatures: normal; font-variant-caps: normal; font-weight: 500; letter-spacing: normal; orphans: 2; text-align: left; text-indent: 0px; text-transform: none; white-space: normal; widows: 2; word-spacing: 0px; -webkit-text-stroke-width: 0px; text-decoration-thickness: initial; text-decoration-style: initial; text-decoration-color: initial;\">\n<li style=\"box-sizing: border-box; margin: 0px; padding: 0px; border: 0px; outline: 0px; font-size: 16px; text-size-adjust: 100%; vertical-align: baseline; background: transparent;\"><strong style=\"box-sizing: border-box; margin: 0px; padding: 0px; border: 0px; outline: 0px; font-size: 16px; text-size-adjust: 100%; vertical-align: baseline; background: transparent; font-weight: bold;\">Auskunftsrecht betroffener Personen (Art. 15 DSGVO)<\/strong><\/li>\n<\/ol>\n<p style=\"box-sizing: border-box; margin: 0px; padding: 0px 0px 1em; border: 0px; outline: 0px; font-size: 16px; text-size-adjust: 100%; vertical-align: baseline; background: #ffffff; color: #666666; font-family: 'Open Sans', Helvetica, Arial, Lucida, sans-serif; font-style: normal; font-variant-ligatures: normal; font-variant-caps: normal; font-weight: 500; letter-spacing: normal; orphans: 2; text-align: left; text-indent: 0px; text-transform: none; white-space: normal; widows: 2; word-spacing: 0px; -webkit-text-stroke-width: 0px; text-decoration-thickness: initial; text-decoration-style: initial; text-decoration-color: initial;\">Sie k\u00f6nnen gegen\u00fcber der Firma Albrecht Elektrotechnik GmbH jederzeit und unentgeltlich von Ihrem Auskunftsrecht Gebrauch machen und in Erfahrung bringen, welche personenbezogene Daten \u00fcber Sie gespeichert wurden und wie diese Daten verarbeitet werden.<\/p>\n<ol style=\"box-sizing: border-box; margin: 0px; padding: 0px 0px 1em; border: 0px; outline: 0px; font-size: 16px; text-size-adjust: 100%; vertical-align: baseline; background: #ffffff; list-style: inside decimal; line-height: 26px; color: #666666; font-family: 'Open Sans', Helvetica, Arial, Lucida, sans-serif; font-style: normal; font-variant-ligatures: normal; font-variant-caps: normal; font-weight: 500; letter-spacing: normal; orphans: 2; text-align: left; text-indent: 0px; text-transform: none; white-space: normal; widows: 2; word-spacing: 0px; -webkit-text-stroke-width: 0px; text-decoration-thickness: initial; text-decoration-style: initial; text-decoration-color: initial;\" start=\"2\">\n<li style=\"box-sizing: border-box; margin: 0px; padding: 0px; border: 0px; outline: 0px; font-size: 16px; text-size-adjust: 100%; vertical-align: baseline; background: transparent;\"><strong style=\"box-sizing: border-box; margin: 0px; padding: 0px; border: 0px; outline: 0px; font-size: 16px; text-size-adjust: 100%; vertical-align: baseline; background: transparent; font-weight: bold;\">Recht auf Berichtigung (Art. 16 DSGVO)<\/strong><\/li>\n<\/ol>\n<p style=\"box-sizing: border-box; margin: 0px; padding: 0px 0px 1em; border: 0px; outline: 0px; font-size: 16px; text-size-adjust: 100%; vertical-align: baseline; background: #ffffff; color: #666666; font-family: 'Open Sans', Helvetica, Arial, Lucida, sans-serif; font-style: normal; font-variant-ligatures: normal; font-variant-caps: normal; font-weight: 500; letter-spacing: normal; orphans: 2; text-align: left; text-indent: 0px; text-transform: none; white-space: normal; widows: 2; word-spacing: 0px; -webkit-text-stroke-width: 0px; text-decoration-thickness: initial; text-decoration-style: initial; text-decoration-color: initial;\">Falls Sie feststellen sollten, dass unrichtige personenbezogene Daten \u00fcber Sie erhoben, verarbeitet oder genutzt wurden bzw. werden, haben Sie das Recht, diese Daten zu berichtigen lassen.<\/p>\n<ol style=\"box-sizing: border-box; margin: 0px; padding: 0px 0px 1em; border: 0px; outline: 0px; font-size: 16px; text-size-adjust: 100%; vertical-align: baseline; background: #ffffff; list-style: inside decimal; line-height: 26px; color: #666666; font-family: 'Open Sans', Helvetica, Arial, Lucida, sans-serif; font-style: normal; font-variant-ligatures: normal; font-variant-caps: normal; font-weight: 500; letter-spacing: normal; orphans: 2; text-align: left; text-indent: 0px; text-transform: none; white-space: normal; widows: 2; word-spacing: 0px; -webkit-text-stroke-width: 0px; text-decoration-thickness: initial; text-decoration-style: initial; text-decoration-color: initial;\" start=\"3\">\n<li style=\"box-sizing: border-box; margin: 0px; padding: 0px; border: 0px; outline: 0px; font-size: 16px; text-size-adjust: 100%; vertical-align: baseline; background: transparent;\"><strong style=\"box-sizing: border-box; margin: 0px; padding: 0px; border: 0px; outline: 0px; font-size: 16px; text-size-adjust: 100%; vertical-align: baseline; background: transparent; font-weight: bold;\">Recht auf L\u00f6schung (\u201eRecht auf Vergessenwerden\u201c, Art. 17 DSGVO)<\/strong><\/li>\n<\/ol>\n<p style=\"box-sizing: border-box; margin: 0px; padding: 0px 0px 1em; border: 0px; outline: 0px; font-size: 16px; text-size-adjust: 100%; vertical-align: baseline; background: #ffffff; color: #666666; font-family: 'Open Sans', Helvetica, Arial, Lucida, sans-serif; font-style: normal; font-variant-ligatures: normal; font-variant-caps: normal; font-weight: 500; letter-spacing: normal; orphans: 2; text-align: left; text-indent: 0px; text-transform: none; white-space: normal; widows: 2; word-spacing: 0px; -webkit-text-stroke-width: 0px; text-decoration-thickness: initial; text-decoration-style: initial; text-decoration-color: initial;\">Ebenso haben Sie das Recht, die personenbezogene Daten, die \u00fcber Sie erhoben, verarbeitet oder genutzt wurden bzw. werden, l\u00f6schen zu lassen.<\/p>\n<ol style=\"box-sizing: border-box; margin: 0px; padding: 0px 0px 1em; border: 0px; outline: 0px; font-size: 16px; text-size-adjust: 100%; vertical-align: baseline; background: #ffffff; list-style: inside decimal; line-height: 26px; color: #666666; font-family: 'Open Sans', Helvetica, Arial, Lucida, sans-serif; font-style: normal; font-variant-ligatures: normal; font-variant-caps: normal; font-weight: 500; letter-spacing: normal; orphans: 2; text-align: left; text-indent: 0px; text-transform: none; white-space: normal; widows: 2; word-spacing: 0px; -webkit-text-stroke-width: 0px; text-decoration-thickness: initial; text-decoration-style: initial; text-decoration-color: initial;\" start=\"4\">\n<li style=\"box-sizing: border-box; margin: 0px; padding: 0px; border: 0px; outline: 0px; font-size: 16px; text-size-adjust: 100%; vertical-align: baseline; background: transparent;\"><strong style=\"box-sizing: border-box; margin: 0px; padding: 0px; border: 0px; outline: 0px; font-size: 16px; text-size-adjust: 100%; vertical-align: baseline; background: transparent; font-weight: bold;\">Recht auf Einschr\u00e4nkung der Verarbeitung (Art. 18 DSGVO)<\/strong><\/li>\n<\/ol>\n<p style=\"box-sizing: border-box; margin: 0px; padding: 0px 0px 1em; border: 0px; outline: 0px; font-size: 16px; text-size-adjust: 100%; vertical-align: baseline; background: #ffffff; color: #666666; font-family: 'Open Sans', Helvetica, Arial, Lucida, sans-serif; font-style: normal; font-variant-ligatures: normal; font-variant-caps: normal; font-weight: 500; letter-spacing: normal; orphans: 2; text-align: left; text-indent: 0px; text-transform: none; white-space: normal; widows: 2; word-spacing: 0px; -webkit-text-stroke-width: 0px; text-decoration-thickness: initial; text-decoration-style: initial; text-decoration-color: initial;\">Dies umfasst auch die Veranlassung einer Einschr\u00e4nkung der Datenverarbeitung, sofern die Firma Albrecht Elektrotechnik GmbH Ihre Daten aufgrund gesetzlicher Pflichten noch nicht l\u00f6schen darf.<\/p>\n<ol style=\"box-sizing: border-box; margin: 0px; padding: 0px 0px 1em; border: 0px; outline: 0px; font-size: 16px; text-size-adjust: 100%; vertical-align: baseline; background: #ffffff; list-style: inside decimal; line-height: 26px; color: #666666; font-family: 'Open Sans', Helvetica, Arial, Lucida, sans-serif; font-style: normal; font-variant-ligatures: normal; font-variant-caps: normal; font-weight: 500; letter-spacing: normal; orphans: 2; text-align: left; text-indent: 0px; text-transform: none; white-space: normal; widows: 2; word-spacing: 0px; -webkit-text-stroke-width: 0px; text-decoration-thickness: initial; text-decoration-style: initial; text-decoration-color: initial;\" start=\"5\">\n<li style=\"box-sizing: border-box; margin: 0px; padding: 0px; border: 0px; outline: 0px; font-size: 16px; text-size-adjust: 100%; vertical-align: baseline; background: transparent;\"><strong style=\"box-sizing: border-box; margin: 0px; padding: 0px; border: 0px; outline: 0px; font-size: 16px; text-size-adjust: 100%; vertical-align: baseline; background: transparent; font-weight: bold;\">Recht auf Daten\u00fcbertragbarkeit (Art. 20 DSGVO)<\/strong><\/li>\n<\/ol>\n<p style=\"box-sizing: border-box; margin: 0px; padding: 0px 0px 1em; border: 0px; outline: 0px; font-size: 16px; text-size-adjust: 100%; vertical-align: baseline; background: #ffffff; color: #666666; font-family: 'Open Sans', Helvetica, Arial, Lucida, sans-serif; font-style: normal; font-variant-ligatures: normal; font-variant-caps: normal; font-weight: 500; letter-spacing: normal; orphans: 2; text-align: left; text-indent: 0px; text-transform: none; white-space: normal; widows: 2; word-spacing: 0px; -webkit-text-stroke-width: 0px; text-decoration-thickness: initial; text-decoration-style: initial; text-decoration-color: initial;\">Sie haben das Recht, Ihre personenbezogenen Daten in einem strukturierten, g\u00e4ngigen und maschinenlesbaren Format von der Firma Albrecht Elektrotechnik GmbH zu erhalten und zu veranlassen, dass diese im Rahmen der technischen M\u00f6glichkeiten einen anderen Verantwortlichen \u00fcbermittelt werden.<\/p>\n<ol style=\"box-sizing: border-box; margin: 0px; padding: 0px 0px 1em; border: 0px; outline: 0px; font-size: 16px; text-size-adjust: 100%; vertical-align: baseline; background: #ffffff; list-style: inside decimal; line-height: 26px; color: #666666; font-family: 'Open Sans', Helvetica, Arial, Lucida, sans-serif; font-style: normal; font-variant-ligatures: normal; font-variant-caps: normal; font-weight: 500; letter-spacing: normal; orphans: 2; text-align: left; text-indent: 0px; text-transform: none; white-space: normal; widows: 2; word-spacing: 0px; -webkit-text-stroke-width: 0px; text-decoration-thickness: initial; text-decoration-style: initial; text-decoration-color: initial;\" start=\"6\">\n<li style=\"box-sizing: border-box; margin: 0px; padding: 0px; border: 0px; outline: 0px; font-size: 16px; text-size-adjust: 100%; vertical-align: baseline; background: transparent;\"><strong style=\"box-sizing: border-box; margin: 0px; padding: 0px; border: 0px; outline: 0px; font-size: 16px; text-size-adjust: 100%; vertical-align: baseline; background: transparent; font-weight: bold;\">Widerspruchsrecht f\u00fcr Betroffene (Art. 21 DSGVO)<\/strong><\/li>\n<\/ol>\n<p style=\"box-sizing: border-box; margin: 0px; padding: 0px 0px 1em; border: 0px; outline: 0px; font-size: 16px; text-size-adjust: 100%; vertical-align: baseline; background: #ffffff; color: #666666; font-family: 'Open Sans', Helvetica, Arial, Lucida, sans-serif; font-style: normal; font-variant-ligatures: normal; font-variant-caps: normal; font-weight: 500; letter-spacing: normal; orphans: 2; text-align: left; text-indent: 0px; text-transform: none; white-space: normal; widows: 2; word-spacing: 0px; -webkit-text-stroke-width: 0px; text-decoration-thickness: initial; text-decoration-style: initial; text-decoration-color: initial;\">Sie haben das Recht, Widerspruch gegen die Verarbeitung Ihrer Daten bei der Firma Albrecht Elektrotechnik GmbH.<\/p>\n<p style=\"box-sizing: border-box; margin: 0px; padding: 0px 0px 1em; border: 0px; outline: 0px; font-size: 16px; text-size-adjust: 100%; vertical-align: baseline; background: #ffffff; color: #666666; font-family: 'Open Sans', Helvetica, Arial, Lucida, sans-serif; font-style: normal; font-variant-ligatures: normal; font-variant-caps: normal; font-weight: 500; letter-spacing: normal; orphans: 2; text-align: left; text-indent: 0px; text-transform: none; white-space: normal; widows: 2; word-spacing: 0px; -webkit-text-stroke-width: 0px; text-decoration-thickness: initial; text-decoration-style: initial; text-decoration-color: initial;\"><strong style=\"box-sizing: border-box; margin: 0px; padding: 0px; border: 0px; outline: 0px; font-size: 16px; text-size-adjust: 100%; vertical-align: baseline; background: transparent; font-weight: bold;\">Beschwerden an die Aufsichtsbeh\u00f6rde<\/strong><\/p>\n<p style=\"box-sizing: border-box; margin: 0px; padding: 0px 0px 1em; border: 0px; outline: 0px; font-size: 16px; text-size-adjust: 100%; vertical-align: baseline; background: #ffffff; color: #666666; font-family: 'Open Sans', Helvetica, Arial, Lucida, sans-serif; font-style: normal; font-variant-ligatures: normal; font-variant-caps: normal; font-weight: 500; letter-spacing: normal; orphans: 2; text-align: left; text-indent: 0px; text-transform: none; white-space: normal; widows: 2; word-spacing: 0px; -webkit-text-stroke-width: 0px; text-decoration-thickness: initial; text-decoration-style: initial; text-decoration-color: initial;\">Wir m\u00f6chten Sie auch darauf hinweisen, dass Sie sich mit einer Beschwerde an die f\u00fcr Sie zust\u00e4ndige Aufsichtsbeh\u00f6rde wenden k\u00f6nnen. Ihre zust\u00e4ndige Aufsichtsbeh\u00f6rde richtet sich nach dem Bundesland Ihres Wohnsitzes, Ihrer Arbeit oder der mutma\u00dflichen Verletzung.<\/p>\n<p style=\"box-sizing: border-box; margin: 0px; padding: 0px 0px 1em; border: 0px; outline: 0px; font-size: 16px; text-size-adjust: 100%; vertical-align: baseline; background: #ffffff; color: #666666; font-family: 'Open Sans', Helvetica, Arial, Lucida, sans-serif; font-style: normal; font-variant-ligatures: normal; font-variant-caps: normal; font-weight: 500; letter-spacing: normal; orphans: 2; text-align: left; text-indent: 0px; text-transform: none; white-space: normal; widows: 2; word-spacing: 0px; -webkit-text-stroke-width: 0px; text-decoration-thickness: initial; text-decoration-style: initial; text-decoration-color: initial;\">Die Aufsichtsbeh\u00f6rden mit Anschrift finden Sie auf der Website der Bundesbeauftragten f\u00fcr den Datenschutz und die Informationssicherheit unter:<\/p>\n<p style=\"box-sizing: border-box; margin: 0px; padding: 0px 0px 1em; border: 0px; outline: 0px; font-size: 16px; text-size-adjust: 100%; vertical-align: baseline; background: #ffffff; color: #666666; font-family: 'Open Sans', Helvetica, Arial, Lucida, sans-serif; font-style: normal; font-variant-ligatures: normal; font-variant-caps: normal; font-weight: 500; letter-spacing: normal; orphans: 2; text-align: left; text-indent: 0px; text-transform: none; white-space: normal; widows: 2; word-spacing: 0px; -webkit-text-stroke-width: 0px; text-decoration-thickness: initial; text-decoration-style: initial; text-decoration-color: initial;\"><a href=\"https:\/\/www.bfdi.bund.de\/DE\/Infothek\/Anschriften_Links\/anschriften_links-node.html\" style=\"box-sizing: border-box; margin: 0px; padding: 0px; border: 0px; outline: 0px; font-size: 16px; text-size-adjust: 100%; vertical-align: baseline; background: transparent; color: #8e8e8e; text-decoration: none;\">https:\/\/www.bfdi.bund.de\/DE\/Infothek\/Anschriften_Links\/anschriften_links-node.html<\/a>.<\/p>\n<p style=\"box-sizing: border-box; margin: 0px; padding: 0px 0px 1em; border: 0px; outline: 0px; font-size: 16px; text-size-adjust: 100%; vertical-align: baseline; background: #ffffff; color: #666666; font-family: 'Open Sans', Helvetica, Arial, Lucida, sans-serif; font-style: normal; font-variant-ligatures: normal; font-variant-caps: normal; font-weight: 500; letter-spacing: normal; orphans: 2; text-align: left; text-indent: 0px; text-transform: none; white-space: normal; widows: 2; word-spacing: 0px; -webkit-text-stroke-width: 0px; text-decoration-thickness: initial; text-decoration-style: initial; text-decoration-color: initial;\"><strong style=\"box-sizing: border-box; margin: 0px; padding: 0px; border: 0px; outline: 0px; font-size: 16px; text-size-adjust: 100%; vertical-align: baseline; background: transparent; font-weight: bold;\">Zweckbindung der Datenverarbeitung<\/strong><\/p>\n<p style=\"box-sizing: border-box; margin: 0px; padding: 0px 0px 1em; border: 0px; outline: 0px; font-size: 16px; text-size-adjust: 100%; vertical-align: baseline; background: #ffffff; color: #666666; font-family: 'Open Sans', Helvetica, Arial, Lucida, sans-serif; font-style: normal; font-variant-ligatures: normal; font-variant-caps: normal; font-weight: 500; letter-spacing: normal; orphans: 2; text-align: left; text-indent: 0px; text-transform: none; white-space: normal; widows: 2; word-spacing: 0px; -webkit-text-stroke-width: 0px; text-decoration-thickness: initial; text-decoration-style: initial; text-decoration-color: initial;\">Ihre personenbezogenen Daten werden von der Firma Albrecht Elektrotechnik GmbH nur zu den Zwecken erhoben, verarbeitet und genutzt, wie Sie in diesem Datenschutzhinweis dargestellt sind.<\/p>\n<p style=\"box-sizing: border-box; margin: 0px; padding: 0px 0px 1em; border: 0px; outline: 0px; font-size: 16px; text-size-adjust: 100%; vertical-align: baseline; background: #ffffff; color: #666666; font-family: 'Open Sans', Helvetica, Arial, Lucida, sans-serif; font-style: normal; font-variant-ligatures: normal; font-variant-caps: normal; font-weight: 500; letter-spacing: normal; orphans: 2; text-align: left; text-indent: 0px; text-transform: none; white-space: normal; widows: 2; word-spacing: 0px; -webkit-text-stroke-width: 0px; text-decoration-thickness: initial; text-decoration-style: initial; text-decoration-color: initial;\">Zudem ist die Firma Albrecht Elektrotechnik GmbH bei der Verarbeitung Ihrer personenbezogenen Daten and europ\u00e4ische Richtlinien und Verordnungen sowie weitere Gesetze oder Vorschriften gebunden.<\/p>\n<p style=\"box-sizing: border-box; margin: 0px; padding: 0px 0px 1em; border: 0px; outline: 0px; font-size: 16px; text-size-adjust: 100%; vertical-align: baseline; background: #ffffff; color: #666666; font-family: 'Open Sans', Helvetica, Arial, Lucida, sans-serif; font-style: normal; font-variant-ligatures: normal; font-variant-caps: normal; font-weight: 500; letter-spacing: normal; orphans: 2; text-align: left; text-indent: 0px; text-transform: none; white-space: normal; widows: 2; word-spacing: 0px; -webkit-text-stroke-width: 0px; text-decoration-thickness: initial; text-decoration-style: initial; text-decoration-color: initial;\"><strong style=\"box-sizing: border-box; margin: 0px; padding: 0px; border: 0px; outline: 0px; font-size: 16px; text-size-adjust: 100%; vertical-align: baseline; background: transparent; font-weight: bold;\">Datenvermeidung und Datensparsamkeit<\/strong><\/p>\n<p style=\"box-sizing: border-box; margin: 0px; padding: 0px 0px 1em; border: 0px; outline: 0px; font-size: 16px; text-size-adjust: 100%; vertical-align: baseline; background: #ffffff; color: #666666; font-family: 'Open Sans', Helvetica, Arial, Lucida, sans-serif; font-style: normal; font-variant-ligatures: normal; font-variant-caps: normal; font-weight: 500; letter-spacing: normal; orphans: 2; text-align: left; text-indent: 0px; text-transform: none; white-space: normal; widows: 2; word-spacing: 0px; -webkit-text-stroke-width: 0px; text-decoration-thickness: initial; text-decoration-style: initial; text-decoration-color: initial;\">Es werden \u00fcber Sie nur personenbezogene Daten im erforderlichen Umfang und f\u00fcr einen begrenzten Zeitraum gespeichert, verarbeitet und genutzt, in dem diese f\u00fcr die Erreichung der beschriebenen Zwecke ben\u00f6tigt werden. Ihre Daten werden dann routinem\u00e4\u00dfig entweder gesperrt oder gel\u00f6scht. Bitte beachten Sie, dass die Firma Albrecht Elektrotechnik GmbH gegebenenfalls gesetzlich erforderliche Speicherfristen einzuhalten hat, die eine Speicherung Ihrer Daten bis zum Erl\u00f6schen der Frist erforderlich macht.<\/p>\n<p style=\"box-sizing: border-box; margin: 0px; padding: 0px 0px 1em; border: 0px; outline: 0px; font-size: 16px; text-size-adjust: 100%; vertical-align: baseline; background: #ffffff; color: #666666; font-family: 'Open Sans', Helvetica, Arial, Lucida, sans-serif; font-style: normal; font-variant-ligatures: normal; font-variant-caps: normal; font-weight: 500; letter-spacing: normal; orphans: 2; text-align: left; text-indent: 0px; text-transform: none; white-space: normal; widows: 2; word-spacing: 0px; -webkit-text-stroke-width: 0px; text-decoration-thickness: initial; text-decoration-style: initial; text-decoration-color: initial;\"><strong style=\"box-sizing: border-box; margin: 0px; padding: 0px; border: 0px; outline: 0px; font-size: 16px; text-size-adjust: 100%; vertical-align: baseline; background: transparent; font-weight: bold;\">Weitergabe an Dritte<\/strong><\/p>\n<p style=\"box-sizing: border-box; margin: 0px; padding: 0px 0px 1em; border: 0px; outline: 0px; font-size: 16px; text-size-adjust: 100%; vertical-align: baseline; background: #ffffff; color: #666666; font-family: 'Open Sans', Helvetica, Arial, Lucida, sans-serif; font-style: normal; font-variant-ligatures: normal; font-variant-caps: normal; font-weight: 500; letter-spacing: normal; orphans: 2; text-align: left; text-indent: 0px; text-transform: none; white-space: normal; widows: 2; word-spacing: 0px; -webkit-text-stroke-width: 0px; text-decoration-thickness: initial; text-decoration-style: initial; text-decoration-color: initial;\">Die \u00dcbermittlung Ihrer personenbezogenen Daten an Dritte erfolgt ausschlie\u00dflich im hier in diesem Datenschutzhinweis aufgef\u00fchrten Umfang und Rahmen. Eine Weitergabe Ihrer personenbezogenen Daten an Dritte erfolgt nur dann, wenn Sie hierzu ausdr\u00fccklich Ihre freiwillige Einwilligung erteilt haben oder ein Vertrag mit Ihnen besteht, der dies erforderlich macht. Eine Daten\u00fcbermittlung durch die Firma Albrecht Elektrotechnik GmbH kann gegebenenfalls auch dann erforderlich sein, wenn es der Strafverfolgung dient oder hierf\u00fcr eine gesetzliche Pflicht besteht.<\/p>\n<p style=\"box-sizing: border-box; margin: 0px; padding: 0px 0px 1em; border: 0px; outline: 0px; font-size: 16px; text-size-adjust: 100%; vertical-align: baseline; background: #ffffff; color: #666666; font-family: 'Open Sans', Helvetica, Arial, Lucida, sans-serif; font-style: normal; font-variant-ligatures: normal; font-variant-caps: normal; font-weight: 500; letter-spacing: normal; orphans: 2; text-align: left; text-indent: 0px; text-transform: none; white-space: normal; widows: 2; word-spacing: 0px; -webkit-text-stroke-width: 0px; text-decoration-thickness: initial; text-decoration-style: initial; text-decoration-color: initial;\"><strong style=\"box-sizing: border-box; margin: 0px; padding: 0px; border: 0px; outline: 0px; font-size: 16px; text-size-adjust: 100%; vertical-align: baseline; background: transparent; font-weight: bold;\">Speicherung von Informationen und Daten beim Besuch unserer Internetseite (Cookies)<\/strong><\/p>\n<p style=\"box-sizing: border-box; margin: 0px; padding: 0px 0px 1em; border: 0px; outline: 0px; font-size: 16px; text-size-adjust: 100%; vertical-align: baseline; background: #ffffff; color: #666666; font-family: 'Open Sans', Helvetica, Arial, Lucida, sans-serif; font-style: normal; font-variant-ligatures: normal; font-variant-caps: normal; font-weight: 500; letter-spacing: normal; orphans: 2; text-align: left; text-indent: 0px; text-transform: none; white-space: normal; widows: 2; word-spacing: 0px; -webkit-text-stroke-width: 0px; text-decoration-thickness: initial; text-decoration-style: initial; text-decoration-color: initial;\">Die Internetseite der Firma Albrecht Elektrotechnik GmbH verwendet Cookies, kleine Dateien, die von einer Website auf Ihrem Computer gespeichert werden. Sie dienen der Sicherstellung eines problemlosen Verbindungsaufbaus und der reibungslosen Nutzung unserer Website, der Auswertung der Systemsicherheit und -stabilit\u00e4t sowie weiteren administrativen Zwecken. Die Verarbeitung erfolgt auf Basis des Art. 6 Abs. 1 lit. f DSGVO (berechtigtes Interesse nach Interessenabw\u00e4gung).<\/p>\n<p style=\"box-sizing: border-box; margin: 0px; padding: 0px 0px 1em; border: 0px; outline: 0px; font-size: 16px; text-size-adjust: 100%; vertical-align: baseline; background: #ffffff; color: #666666; font-family: 'Open Sans', Helvetica, Arial, Lucida, sans-serif; font-style: normal; font-variant-ligatures: normal; font-variant-caps: normal; font-weight: 500; letter-spacing: normal; orphans: 2; text-align: left; text-indent: 0px; text-transform: none; white-space: normal; widows: 2; word-spacing: 0px; -webkit-text-stroke-width: 0px; text-decoration-thickness: initial; text-decoration-style: initial; text-decoration-color: initial;\">Weitere allgemeine Informationen zum Thema Cookies erhalten Sie beispielsweise auf den Hilfeseiten Ihres verwendeten Internet-Browsers.<\/p>\n<p style=\"box-sizing: border-box; margin: 0px; padding: 0px 0px 1em; border: 0px; outline: 0px; font-size: 16px; text-size-adjust: 100%; vertical-align: baseline; background: #ffffff; color: #666666; font-family: 'Open Sans', Helvetica, Arial, Lucida, sans-serif; font-style: normal; font-variant-ligatures: normal; font-variant-caps: normal; font-weight: 500; letter-spacing: normal; orphans: 2; text-align: left; text-indent: 0px; text-transform: none; white-space: normal; widows: 2; word-spacing: 0px; -webkit-text-stroke-width: 0px; text-decoration-thickness: initial; text-decoration-style: initial; text-decoration-color: initial;\">Mithilfe von Cookies werden unter anderem folgende Daten und Informationen in den Server-Logfiles gespeichert:<\/p>\n<ul style=\"box-sizing: border-box; margin: 0px; padding: 0px 0px 1em 1em; border: 0px; outline: 0px; font-size: 16px; text-size-adjust: 100%; vertical-align: baseline; background: #ffffff; list-style: disc; line-height: 26px; color: #666666; font-family: 'Open Sans', Helvetica, Arial, Lucida, sans-serif; font-style: normal; font-variant-ligatures: normal; font-variant-caps: normal; font-weight: 500; letter-spacing: normal; orphans: 2; text-align: left; text-indent: 0px; text-transform: none; white-space: normal; widows: 2; word-spacing: 0px; -webkit-text-stroke-width: 0px; text-decoration-thickness: initial; text-decoration-style: initial; text-decoration-color: initial;\">\n<li style=\"box-sizing: border-box; margin: 0px; padding: 0px; border: 0px; outline: 0px; font-size: 16px; text-size-adjust: 100%; vertical-align: baseline; background: transparent;\">Typ des Internet-Browsers und Version<\/li>\n<li style=\"box-sizing: border-box; margin: 0px; padding: 0px; border: 0px; outline: 0px; font-size: 16px; text-size-adjust: 100%; vertical-align: baseline; background: transparent;\">Betriebssystem des zugreifenden Systems<\/li>\n<li style=\"box-sizing: border-box; margin: 0px; padding: 0px; border: 0px; outline: 0px; font-size: 16px; text-size-adjust: 100%; vertical-align: baseline; background: transparent;\">Internet-Service-Provider<\/li>\n<li style=\"box-sizing: border-box; margin: 0px; padding: 0px; border: 0px; outline: 0px; font-size: 16px; text-size-adjust: 100%; vertical-align: baseline; background: transparent;\">Website, von der aus der Zugriff erfolgt (Referrer-URL),<\/li>\n<li style=\"box-sizing: border-box; margin: 0px; padding: 0px; border: 0px; outline: 0px; font-size: 16px; text-size-adjust: 100%; vertical-align: baseline; background: transparent;\">angesteuerte Unterseiten der Internetseite der Firma Albrecht Elektrotechnik GmbH<\/li>\n<li style=\"box-sizing: border-box; margin: 0px; padding: 0px; border: 0px; outline: 0px; font-size: 16px; text-size-adjust: 100%; vertical-align: baseline; background: transparent;\">Datum und Uhrzeit des Zugriffs auf die Webseite<\/li>\n<li style=\"box-sizing: border-box; margin: 0px; padding: 0px; border: 0px; outline: 0px; font-size: 16px; text-size-adjust: 100%; vertical-align: baseline; background: transparent;\">IP-Adresse des zugreifenden Systems<\/li>\n<\/ul>\n<p style=\"box-sizing: border-box; margin: 0px; padding: 0px 0px 1em; border: 0px; outline: 0px; font-size: 16px; text-size-adjust: 100%; vertical-align: baseline; background: #ffffff; color: #666666; font-family: 'Open Sans', Helvetica, Arial, Lucida, sans-serif; font-style: normal; font-variant-ligatures: normal; font-variant-caps: normal; font-weight: 500; letter-spacing: normal; orphans: 2; text-align: left; text-indent: 0px; text-transform: none; white-space: normal; widows: 2; word-spacing: 0px; -webkit-text-stroke-width: 0px; text-decoration-thickness: initial; text-decoration-style: initial; text-decoration-color: initial;\">Beim Aufrufen dieser Website werden durch den Browser, der auf Ihrem Endger\u00e4t zum Einsatz kommt, automatisch Informationen an den Server unserer Website gesendet. Diese Informationen werden tempor\u00e4r in einem sog. Server-Logfile gespeichert. Die Informationen werden dabei ohne Ihr Zutun erfasst und bis zur automatisierten L\u00f6schung gespeichert. Die L\u00f6schung erfolgt, sobald die Daten f\u00fcr den Zweck der Erhebung nicht mehr erforderlich sind.<\/p>\n<p style=\"box-sizing: border-box; margin: 0px; padding: 0px 0px 1em; border: 0px; outline: 0px; font-size: 16px; text-size-adjust: 100%; vertical-align: baseline; background: #ffffff; color: #666666; font-family: 'Open Sans', Helvetica, Arial, Lucida, sans-serif; font-style: normal; font-variant-ligatures: normal; font-variant-caps: normal; font-weight: 500; letter-spacing: normal; orphans: 2; text-align: left; text-indent: 0px; text-transform: none; white-space: normal; widows: 2; word-spacing: 0px; -webkit-text-stroke-width: 0px; text-decoration-thickness: initial; text-decoration-style: initial; text-decoration-color: initial;\">Der Besuch unserer Internetseite ist auch ohne Cookies m\u00f6glich. Durch die \u00c4nderung der Einstellung Ihres Internet-Browsers k\u00f6nnen Sie die Installation von Cookies verhindern. Auf den Hilfeseiten des Internet-Browsers, den Sie verwenden, erhalten Sie detaillierte Informationen zum L\u00f6schen von Cookies sowie eine Anleitung, wie Sie die Verwendung von Cookies \u00fcber die Einstellungen Ihres Internet-Browsers deaktivieren k\u00f6nnen. Dies kann allerdings die Funktion dieser Internetseite beintr\u00e4chtigen.<\/p>\n<p style=\"box-sizing: border-box; margin: 0px; padding: 0px 0px 1em; border: 0px; outline: 0px; font-size: 16px; text-size-adjust: 100%; vertical-align: baseline; background: #ffffff; color: #666666; font-family: 'Open Sans', Helvetica, Arial, Lucida, sans-serif; font-style: normal; font-variant-ligatures: normal; font-variant-caps: normal; font-weight: 500; letter-spacing: normal; orphans: 2; text-align: left; text-indent: 0px; text-transform: none; white-space: normal; widows: 2; word-spacing: 0px; -webkit-text-stroke-width: 0px; text-decoration-thickness: initial; text-decoration-style: initial; text-decoration-color: initial;\">Empf\u00e4nger der Daten und Informationen sind dabei die Firma Albrecht Elektrotechnik GmbH (als verantwortliche Stelle). Das Unternehmen ist f\u00fcr den Betrieb und die Wartung unserer Webseite als Auftragsverarbeiter t\u00e4tig. Die gespeicherten Daten und Informationen werden nicht an Dritte weitergegeben.<\/p>\n<p style=\"box-sizing: border-box; margin: 0px; padding: 0px 0px 1em; border: 0px; outline: 0px; font-size: 16px; text-size-adjust: 100%; vertical-align: baseline; background: #ffffff; color: #666666; font-family: 'Open Sans', Helvetica, Arial, Lucida, sans-serif; font-style: normal; font-variant-ligatures: normal; font-variant-caps: normal; font-weight: 500; letter-spacing: normal; orphans: 2; text-align: left; text-indent: 0px; text-transform: none; white-space: normal; widows: 2; word-spacing: 0px; -webkit-text-stroke-width: 0px; text-decoration-thickness: initial; text-decoration-style: initial; text-decoration-color: initial;\">Die Firma Albrecht Elektrotechnik GmbH zieht anhand der gespeicherten Daten und Informationen keine R\u00fcckschl\u00fcsse auf die betroffene Person und stellt ohne Ihre freiwillige Einwilligung keinen Bezug zu Ihren personenbezogenen Daten her.<\/p>\n<p style=\"box-sizing: border-box; margin: 0px; padding: 0px 0px 1em; border: 0px; outline: 0px; font-size: 16px; text-size-adjust: 100%; vertical-align: baseline; background: #ffffff; color: #666666; font-family: 'Open Sans', Helvetica, Arial, Lucida, sans-serif; font-style: normal; font-variant-ligatures: normal; font-variant-caps: normal; font-weight: 500; letter-spacing: normal; orphans: 2; text-align: left; text-indent: 0px; text-transform: none; white-space: normal; widows: 2; word-spacing: 0px; -webkit-text-stroke-width: 0px; text-decoration-thickness: initial; text-decoration-style: initial; text-decoration-color: initial;\"><strong style=\"box-sizing: border-box; margin: 0px; padding: 0px; border: 0px; outline: 0px; font-size: 16px; text-size-adjust: 100%; vertical-align: baseline; background: transparent; font-weight: bold;\">Kontaktaufnahme \u00fcber E-Mail und Kontaktformular<\/strong><\/p>\n<p style=\"box-sizing: border-box; margin: 0px; padding: 0px 0px 1em; border: 0px; outline: 0px; font-size: 16px; text-size-adjust: 100%; vertical-align: baseline; background: #ffffff; color: #666666; font-family: 'Open Sans', Helvetica, Arial, Lucida, sans-serif; font-style: normal; font-variant-ligatures: normal; font-variant-caps: normal; font-weight: 500; letter-spacing: normal; orphans: 2; text-align: left; text-indent: 0px; text-transform: none; white-space: normal; widows: 2; word-spacing: 0px; -webkit-text-stroke-width: 0px; text-decoration-thickness: initial; text-decoration-style: initial; text-decoration-color: initial;\">Wenn Sie sich dazu entscheiden, \u00fcber E-Mail oder \u00fcber das Online-Formular auf unserer Internetseite mit der Firma Albrecht Elektrotechnik GmbH in Kontakt zu treten, ist die Verarbeitung Ihrer E-Mail-Adresse erforderlich, um Ihre Anfrage bearbeiten zu k\u00f6nnen. Ihre E-Mail-Adresse sowie alle weiteren von Ihnen gemachten Angaben (Name, Anschrift, Telefonnummer, Betreff und Inhalte Ihrer Nachricht) werden zum Zweck der individuellen Kommunikation mit Ihnen elektronisch gespeichert und verarbeitet und selbstverst\u00e4ndlich streng vertraulich behandelt. Dies erfolgt auf Basis des berechtigten Interesses nach Art 6 Abs. 1 lit f DSGVO. Eine Weitergabe Ihrer personenbezogenen Daten an Dritte erfolgt nicht.<\/p>\n<p style=\"box-sizing: border-box; margin: 0px; padding: 0px 0px 1em; border: 0px; outline: 0px; font-size: 16px; text-size-adjust: 100%; vertical-align: baseline; background: #ffffff; color: #666666; font-family: 'Open Sans', Helvetica, Arial, Lucida, sans-serif; font-style: normal; font-variant-ligatures: normal; font-variant-caps: normal; font-weight: 500; letter-spacing: normal; orphans: 2; text-align: left; text-indent: 0px; text-transform: none; white-space: normal; widows: 2; word-spacing: 0px; -webkit-text-stroke-width: 0px; text-decoration-thickness: initial; text-decoration-style: initial; text-decoration-color: initial;\">Daten werden sp\u00e4testens 6 Monate nach Bearbeitung der Anfrage gel\u00f6scht. Sofern Sie mit uns Kontakt aufnehmen, um ein Angebot zu erfragen, erfolgt die Verarbeitung der in das Kontaktformular eingegebenen Daten zur Durchf\u00fchrung vorvertraglicher Ma\u00dfnahmen. Bei Abschluss eines Vertrags zwischen Ihnen und der Firma Albrecht Elektrotechnik GmbH unterliegen wir den gesetzlichen Aufbewahrungsfristen nach HGB und l\u00f6schen Ihre Daten nach Ablauf dieser Fristen.<\/p>\n<h2 style=\"box-sizing: border-box; margin: 0px; padding: 0px 0px 10px; border: 0px; outline: 0px; font-size: 34px; text-size-adjust: 100%; vertical-align: baseline; background: #ffffff; color: #333333; line-height: 1em; font-weight: 500; font-family: 'Open Sans', Helvetica, Arial, Lucida, sans-serif; font-style: normal; font-variant-ligatures: normal; font-variant-caps: normal; letter-spacing: normal; orphans: 2; text-align: left; text-indent: 0px; text-transform: none; white-space: normal; widows: 2; word-spacing: 0px; -webkit-text-stroke-width: 0px; text-decoration-thickness: initial; text-decoration-style: initial; text-decoration-color: initial;\">Verwendung von Google Maps<\/h2>\n<p style=\"box-sizing: border-box; margin: 0px; padding: 0px 0px 1em; border: 0px; outline: 0px; font-size: 16px; text-size-adjust: 100%; vertical-align: baseline; background: #ffffff; color: #666666; font-family: 'Open Sans', Helvetica, Arial, Lucida, sans-serif; font-style: normal; font-variant-ligatures: normal; font-variant-caps: normal; font-weight: 500; letter-spacing: normal; orphans: 2; text-align: left; text-indent: 0px; text-transform: none; white-space: normal; widows: 2; word-spacing: 0px; -webkit-text-stroke-width: 0px; text-decoration-thickness: initial; text-decoration-style: initial; text-decoration-color: initial;\">Diese Webseite verwendet das Produkt Google Maps von Google Inc., 1600 Amphitheatre Parkway, Mountain View, CA 94043, USA. Rechtsgrundlage hierf\u00fcr ist Art. 6 Abs. 1 lit. f DSGVO (berechtigtes Interesse nach Interessenabw\u00e4gung).<\/p>\n<p style=\"box-sizing: border-box; margin: 0px; padding: 0px 0px 1em; border: 0px; outline: 0px; font-size: 16px; text-size-adjust: 100%; vertical-align: baseline; background: #ffffff; color: #666666; font-family: 'Open Sans', Helvetica, Arial, Lucida, sans-serif; font-style: normal; font-variant-ligatures: normal; font-variant-caps: normal; font-weight: 500; letter-spacing: normal; orphans: 2; text-align: left; text-indent: 0px; text-transform: none; white-space: normal; widows: 2; word-spacing: 0px; -webkit-text-stroke-width: 0px; text-decoration-thickness: initial; text-decoration-style: initial; text-decoration-color: initial;\">Zu diesem Zweck muss der von Ihnen verwendete Browser eine Verbindung zu den Servern von Google aufnehmen. Hierdurch erlangt Google Kenntnis dar\u00fcber, dass \u00fcber Ihre IP-Adresse diese Website aufgerufen wurde. Es werden folgende Daten \u00fcbermittelt:<\/p>\n<ul style=\"box-sizing: border-box; margin: 0px; padding: 0px 0px 1em 1em; border: 0px; outline: 0px; font-size: 16px; text-size-adjust: 100%; vertical-align: baseline; background: #ffffff; list-style: disc; line-height: 26px; color: #666666; font-family: 'Open Sans', Helvetica, Arial, Lucida, sans-serif; font-style: normal; font-variant-ligatures: normal; font-variant-caps: normal; font-weight: 500; letter-spacing: normal; orphans: 2; text-align: left; text-indent: 0px; text-transform: none; white-space: normal; widows: 2; word-spacing: 0px; -webkit-text-stroke-width: 0px; text-decoration-thickness: initial; text-decoration-style: initial; text-decoration-color: initial;\">\n<li style=\"box-sizing: border-box; margin: 0px; padding: 0px; border: 0px; outline: 0px; font-size: 16px; text-size-adjust: 100%; vertical-align: baseline; background: transparent;\">IP-Adresse<\/li>\n<li style=\"box-sizing: border-box; margin: 0px; padding: 0px; border: 0px; outline: 0px; font-size: 16px; text-size-adjust: 100%; vertical-align: baseline; background: transparent;\">Datum und Uhrzeit der Anfrage<\/li>\n<li style=\"box-sizing: border-box; margin: 0px; padding: 0px; border: 0px; outline: 0px; font-size: 16px; text-size-adjust: 100%; vertical-align: baseline; background: transparent;\">Zeitzonendifferenz zur Greenwich Mean Time (GMT)<\/li>\n<li style=\"box-sizing: border-box; margin: 0px; padding: 0px; border: 0px; outline: 0px; font-size: 16px; text-size-adjust: 100%; vertical-align: baseline; background: transparent;\">Inhalt der Anforderung (konkrete Seite)<\/li>\n<li style=\"box-sizing: border-box; margin: 0px; padding: 0px; border: 0px; outline: 0px; font-size: 16px; text-size-adjust: 100%; vertical-align: baseline; background: transparent;\">Zugriffsstatus\/HTTP-Statuscode<\/li>\n<li style=\"box-sizing: border-box; margin: 0px; padding: 0px; border: 0px; outline: 0px; font-size: 16px; text-size-adjust: 100%; vertical-align: baseline; background: transparent;\">jeweils \u00fcbertragene Datenmenge<\/li>\n<li style=\"box-sizing: border-box; margin: 0px; padding: 0px; border: 0px; outline: 0px; font-size: 16px; text-size-adjust: 100%; vertical-align: baseline; background: transparent;\">Website, von der die Anforderung kommt<\/li>\n<li style=\"box-sizing: border-box; margin: 0px; padding: 0px; border: 0px; outline: 0px; font-size: 16px; text-size-adjust: 100%; vertical-align: baseline; background: transparent;\">Browser, Betriebssystem und dessen Oberfl\u00e4che, Sprache und Version der Browsersoftware<\/li>\n<\/ul>\n<p style=\"box-sizing: border-box; margin: 0px; padding: 0px 0px 1em; border: 0px; outline: 0px; font-size: 16px; text-size-adjust: 100%; vertical-align: baseline; background: #ffffff; color: #666666; font-family: 'Open Sans', Helvetica, Arial, Lucida, sans-serif; font-style: normal; font-variant-ligatures: normal; font-variant-caps: normal; font-weight: 500; letter-spacing: normal; orphans: 2; text-align: left; text-indent: 0px; text-transform: none; white-space: normal; widows: 2; word-spacing: 0px; -webkit-text-stroke-width: 0px; text-decoration-thickness: initial; text-decoration-style: initial; text-decoration-color: initial;\">Die Firma Albrecht Elektrotechnik GmbH erhebt durch die Einbindung von Google Maps keine personenbezogenen Daten.<\/p>\n<p style=\"box-sizing: border-box; margin: 0px; padding: 0px 0px 1em; border: 0px; outline: 0px; font-size: 16px; text-size-adjust: 100%; vertical-align: baseline; background: #ffffff; color: #666666; font-family: 'Open Sans', Helvetica, Arial, Lucida, sans-serif; font-style: normal; font-variant-ligatures: normal; font-variant-caps: normal; font-weight: 500; letter-spacing: normal; orphans: 2; text-align: left; text-indent: 0px; text-transform: none; white-space: normal; widows: 2; word-spacing: 0px; -webkit-text-stroke-width: 0px; text-decoration-thickness: initial; text-decoration-style: initial; text-decoration-color: initial;\">Google Inc. agiert unter dem \u201eEU-US Privacy Shield\u201c. Mehr Informationen finden Sie unter folgendem Link:<span>\u00a0<\/span><a href=\"https:\/\/www.privacyshield.gov\/EU-US-Framework\" style=\"box-sizing: border-box; margin: 0px; padding: 0px; border: 0px; outline: 0px; font-size: 16px; text-size-adjust: 100%; vertical-align: baseline; background: transparent; color: #8e8e8e; text-decoration: none;\">https:\/\/www.privacyshield.gov\/EU-US-Framework<\/a>.<\/p>\n<p style=\"box-sizing: border-box; margin: 0px; padding: 0px 0px 1em; border: 0px; outline: 0px; font-size: 16px; text-size-adjust: 100%; vertical-align: baseline; background: #ffffff; color: #666666; font-family: 'Open Sans', Helvetica, Arial, Lucida, sans-serif; font-style: normal; font-variant-ligatures: normal; font-variant-caps: normal; font-weight: 500; letter-spacing: normal; orphans: 2; text-align: left; text-indent: 0px; text-transform: none; white-space: normal; widows: 2; word-spacing: 0px; -webkit-text-stroke-width: 0px; text-decoration-thickness: initial; text-decoration-style: initial; text-decoration-color: initial;\">Die Nutzungsbedingungen von Google Maps finden Sie unter folgendem Link:<span>\u00a0<\/span><a href=\"https:\/\/www.google.com\/intl\/de_de\/help\/terms_maps.html\" style=\"box-sizing: border-box; margin: 0px; padding: 0px; border: 0px; outline: 0px; font-size: 16px; text-size-adjust: 100%; vertical-align: baseline; background: transparent; color: #8e8e8e; text-decoration: none;\">https:\/\/www.google.com\/intl\/de_de\/help\/terms_maps.html<\/a><\/p>\n<h2 style=\"box-sizing: border-box; margin: 0px; padding: 0px 0px 10px; border: 0px; outline: 0px; font-size: 34px; text-size-adjust: 100%; vertical-align: baseline; background: #ffffff; color: #333333; line-height: 1em; font-weight: 500; font-family: 'Open Sans', Helvetica, Arial, Lucida, sans-serif; font-style: normal; font-variant-ligatures: normal; font-variant-caps: normal; letter-spacing: normal; orphans: 2; text-align: left; text-indent: 0px; text-transform: none; white-space: normal; widows: 2; word-spacing: 0px; -webkit-text-stroke-width: 0px; text-decoration-thickness: initial; text-decoration-style: initial; text-decoration-color: initial;\">Verwendung von YouTube<\/h2>\n<p style=\"box-sizing: border-box; margin: 0px; padding: 0px 0px 1em; border: 0px; outline: 0px; font-size: 16px; text-size-adjust: 100%; vertical-align: baseline; background: #ffffff; color: #666666; font-family: 'Open Sans', Helvetica, Arial, Lucida, sans-serif; font-style: normal; font-variant-ligatures: normal; font-variant-caps: normal; font-weight: 500; letter-spacing: normal; orphans: 2; text-align: left; text-indent: 0px; text-transform: none; white-space: normal; widows: 2; word-spacing: 0px; -webkit-text-stroke-width: 0px; text-decoration-thickness: initial; text-decoration-style: initial; text-decoration-color: initial;\">Wir haben auf unseren Webseiten Komponenten von YouTube integriert, um unsere ebenfalls auf YouTube gezeigten Firmenvideos zu unseren Produkten und Dienstleistungen auch auf den eigenen Webseiten zeigen zu k\u00f6nnen. Rechtsgrundlage hierf\u00fcr ist Art. 6 Abs. 1 lit. f DSGVO (berechtigtes Interesse nach Interessenabw\u00e4gung).<\/p>\n<p style=\"box-sizing: border-box; margin: 0px; padding: 0px 0px 1em; border: 0px; outline: 0px; font-size: 16px; text-size-adjust: 100%; vertical-align: baseline; background: #ffffff; color: #666666; font-family: 'Open Sans', Helvetica, Arial, Lucida, sans-serif; font-style: normal; font-variant-ligatures: normal; font-variant-caps: normal; font-weight: 500; letter-spacing: normal; orphans: 2; text-align: left; text-indent: 0px; text-transform: none; white-space: normal; widows: 2; word-spacing: 0px; -webkit-text-stroke-width: 0px; text-decoration-thickness: initial; text-decoration-style: initial; text-decoration-color: initial;\">YouTube ist ein Internetportal, das ein kostenloses, ggf. werbefinanziertes Einstellen von Filmen und anderen Nutzern ein ebenfalls kostenfreies, ggf. werbefinanziertes Betrachten, Bewerten und Kommentieren dieser Filme bzw. Videos erm\u00f6glicht.<\/p>\n<p style=\"box-sizing: border-box; margin: 0px; padding: 0px 0px 1em; border: 0px; outline: 0px; font-size: 16px; text-size-adjust: 100%; vertical-align: baseline; background: #ffffff; color: #666666; font-family: 'Open Sans', Helvetica, Arial, Lucida, sans-serif; font-style: normal; font-variant-ligatures: normal; font-variant-caps: normal; font-weight: 500; letter-spacing: normal; orphans: 2; text-align: left; text-indent: 0px; text-transform: none; white-space: normal; widows: 2; word-spacing: 0px; -webkit-text-stroke-width: 0px; text-decoration-thickness: initial; text-decoration-style: initial; text-decoration-color: initial;\">YouTube wird vom Unternehmen YouTube LLC, 901 Cherry Ave., San Bruno, CA 94066, USA. Die YouTube LLC ist einer Tochtergesellschaft der Google Inc., 1600 Amphitheatre Parkway, Mountain View, CA 94043, USA. Weitere Informationen zu YouTube erhalten Sie unter folgendem Link:<span>\u00a0<\/span><a href=\"https:\/\/www.youtube.com\/yt\/about\/de\/\" style=\"box-sizing: border-box; margin: 0px; padding: 0px; border: 0px; outline: 0px; font-size: 16px; text-size-adjust: 100%; vertical-align: baseline; background: transparent; color: #8e8e8e; text-decoration: none;\">https:\/\/www.youtube.com\/yt\/about\/de\/<\/a><\/p>\n<p style=\"box-sizing: border-box; margin: 0px; padding: 0px 0px 1em; border: 0px; outline: 0px; font-size: 16px; text-size-adjust: 100%; vertical-align: baseline; background: #ffffff; color: #666666; font-family: 'Open Sans', Helvetica, Arial, Lucida, sans-serif; font-style: normal; font-variant-ligatures: normal; font-variant-caps: normal; font-weight: 500; letter-spacing: normal; orphans: 2; text-align: left; text-indent: 0px; text-transform: none; white-space: normal; widows: 2; word-spacing: 0px; -webkit-text-stroke-width: 0px; text-decoration-thickness: initial; text-decoration-style: initial; text-decoration-color: initial;\">Durch den Aufruf bzw. Anklicken eines Videos auf unserer Website wird der Internetbrowser des Nutzers unserer Webseiten automatisch durch die jeweilige YouTube-Komponente veranlasst, eine Darstellung der entsprechenden YouTube-Komponente von YouTube herunterzuladen. Im Rahmen dieses technischen Verfahrens erhalten YouTube und Google Kenntnis dar\u00fcber, welche konkrete Unterseite unserer Internetseite durch den Nutzer, besucht wird. Es werden folgende Daten \u00fcbermittelt:<\/p>\n<ul style=\"box-sizing: border-box; margin: 0px; padding: 0px 0px 1em 1em; border: 0px; outline: 0px; font-size: 16px; text-size-adjust: 100%; vertical-align: baseline; background: #ffffff; list-style: disc; line-height: 26px; color: #666666; font-family: 'Open Sans', Helvetica, Arial, Lucida, sans-serif; font-style: normal; font-variant-ligatures: normal; font-variant-caps: normal; font-weight: 500; letter-spacing: normal; orphans: 2; text-align: left; text-indent: 0px; text-transform: none; white-space: normal; widows: 2; word-spacing: 0px; -webkit-text-stroke-width: 0px; text-decoration-thickness: initial; text-decoration-style: initial; text-decoration-color: initial;\">\n<li style=\"box-sizing: border-box; margin: 0px; padding: 0px; border: 0px; outline: 0px; font-size: 16px; text-size-adjust: 100%; vertical-align: baseline; background: transparent;\">IP-Adresse<\/li>\n<li style=\"box-sizing: border-box; margin: 0px; padding: 0px; border: 0px; outline: 0px; font-size: 16px; text-size-adjust: 100%; vertical-align: baseline; background: transparent;\">Datum und Uhrzeit der Anfrage<\/li>\n<li style=\"box-sizing: border-box; margin: 0px; padding: 0px; border: 0px; outline: 0px; font-size: 16px; text-size-adjust: 100%; vertical-align: baseline; background: transparent;\">Zeitzonendifferenz zur Greenwich Mean Time (GMT)<\/li>\n<li style=\"box-sizing: border-box; margin: 0px; padding: 0px; border: 0px; outline: 0px; font-size: 16px; text-size-adjust: 100%; vertical-align: baseline; background: transparent;\">Inhalt der Anforderung (konkrete Seite)<\/li>\n<li style=\"box-sizing: border-box; margin: 0px; padding: 0px; border: 0px; outline: 0px; font-size: 16px; text-size-adjust: 100%; vertical-align: baseline; background: transparent;\">Zugriffsstatus\/HTTP-Statuscode<\/li>\n<li style=\"box-sizing: border-box; margin: 0px; padding: 0px; border: 0px; outline: 0px; font-size: 16px; text-size-adjust: 100%; vertical-align: baseline; background: transparent;\">jeweils \u00fcbertragene Datenmenge<\/li>\n<li style=\"box-sizing: border-box; margin: 0px; padding: 0px; border: 0px; outline: 0px; font-size: 16px; text-size-adjust: 100%; vertical-align: baseline; background: transparent;\">Website, von der die Anforderung kommt<\/li>\n<li style=\"box-sizing: border-box; margin: 0px; padding: 0px; border: 0px; outline: 0px; font-size: 16px; text-size-adjust: 100%; vertical-align: baseline; background: transparent;\">Browser, Betriebssystem und dessen Oberfl\u00e4che, Sprache und Version der Browsersoftware<\/li>\n<\/ul>\n<p style=\"box-sizing: border-box; margin: 0px; padding: 0px 0px 1em; border: 0px; outline: 0px; font-size: 16px; text-size-adjust: 100%; vertical-align: baseline; background: #ffffff; color: #666666; font-family: 'Open Sans', Helvetica, Arial, Lucida, sans-serif; font-style: normal; font-variant-ligatures: normal; font-variant-caps: normal; font-weight: 500; letter-spacing: normal; orphans: 2; text-align: left; text-indent: 0px; text-transform: none; white-space: normal; widows: 2; word-spacing: 0px; -webkit-text-stroke-width: 0px; text-decoration-thickness: initial; text-decoration-style: initial; text-decoration-color: initial;\">Sofern Sie gleichzeitig bei YouTube eingeloggt sind (d.h. mit derselben IP-Adresse), k\u00f6nnten Sie als Person identifizierbar werden, je nachdem, welche personenbezogenen Informationen Sie in Ihrem YouTube-Account an YouTube gegeben haben. YouTube und Google erhalten \u00fcber die YouTube-Komponente somit immer dann eine Information dar\u00fcber, dass Sie unsere Internetseite besucht haben, wenn Sie zum Zeitpunkt des Aufrufs unserer Internetseite gleichzeitig bei YouTube eingeloggt sind. Dies findet unabh\u00e4ngig davon statt, ob Sie ein YouTube-Video anklicken oder nicht. Ist eine derartige \u00dcbermittlung dieser vorbeschriebenen Informations\u00fcbertragung an YouTube und Google von Ihnen nicht gewollt, k\u00f6nnen Sie diese \u00dcbermittlung dadurch verhindern, dass Sie sich vor einem Aufruf unserer Internetseite aus ihrem YouTube-Account und ggf. auch von Ihrem Google-Account ausloggen.<\/p>\n<p style=\"box-sizing: border-box; margin: 0px; padding: 0px 0px 1em; border: 0px; outline: 0px; font-size: 16px; text-size-adjust: 100%; vertical-align: baseline; background: #ffffff; color: #666666; font-family: 'Open Sans', Helvetica, Arial, Lucida, sans-serif; font-style: normal; font-variant-ligatures: normal; font-variant-caps: normal; font-weight: 500; letter-spacing: normal; orphans: 2; text-align: left; text-indent: 0px; text-transform: none; white-space: normal; widows: 2; word-spacing: 0px; -webkit-text-stroke-width: 0px; text-decoration-thickness: initial; text-decoration-style: initial; text-decoration-color: initial;\">Die Firma Albrecht Elektrotechnik GmbH erhebt durch die Einbindung von YouTube keine personenbezogenen Daten.<\/p>\n<p style=\"box-sizing: border-box; margin: 0px; padding: 0px 0px 1em; border: 0px; outline: 0px; font-size: 16px; text-size-adjust: 100%; vertical-align: baseline; background: #ffffff; color: #666666; font-family: 'Open Sans', Helvetica, Arial, Lucida, sans-serif; font-style: normal; font-variant-ligatures: normal; font-variant-caps: normal; font-weight: 500; letter-spacing: normal; orphans: 2; text-align: left; text-indent: 0px; text-transform: none; white-space: normal; widows: 2; word-spacing: 0px; -webkit-text-stroke-width: 0px; text-decoration-thickness: initial; text-decoration-style: initial; text-decoration-color: initial;\">Google Inc. agiert unter dem \u201eEU-US Privacy Shield\u201c. Mehr Informationen finden Sie unter folgendem Link:<span>\u00a0<\/span><a href=\"https:\/\/www.privacyshield.gov\/EU-US-Framework\" style=\"box-sizing: border-box; margin: 0px; padding: 0px; border: 0px; outline: 0px; font-size: 16px; text-size-adjust: 100%; vertical-align: baseline; background: transparent; color: #8e8e8e; text-decoration: none;\">https:\/\/www.privacyshield.gov\/EU-US-Framework<\/a>.<\/p>\n<p style=\"box-sizing: border-box; margin: 0px; padding: 0px 0px 1em; border: 0px; outline: 0px; font-size: 16px; text-size-adjust: 100%; vertical-align: baseline; background: #ffffff; color: #666666; font-family: 'Open Sans', Helvetica, Arial, Lucida, sans-serif; font-style: normal; font-variant-ligatures: normal; font-variant-caps: normal; font-weight: 500; letter-spacing: normal; orphans: 2; text-align: left; text-indent: 0px; text-transform: none; white-space: normal; widows: 2; word-spacing: 0px; -webkit-text-stroke-width: 0px; text-decoration-thickness: initial; text-decoration-style: initial; text-decoration-color: initial;\">Hinweise zum Datenschutz, insbesondere die Erhebung, Verarbeitung und Nutzung personenbezogener Daten durch YouTube und Google, finden Sie unter folgendem Link:<span>\u00a0<\/span><a href=\"https:\/\/policies.google.com\/privacy?hl=de\" style=\"box-sizing: border-box; margin: 0px; padding: 0px; border: 0px; outline: 0px; font-size: 16px; text-size-adjust: 100%; vertical-align: baseline; background: transparent; color: #8e8e8e; text-decoration: none;\">https:\/\/policies.google.com\/privacy?hl=de<\/a><\/p>\n<h2>Verwendung von Google Analytics<\/h2>\n<p>Diese Website nutzt Funktionen des Webanalysedienstes Google Analytics. Anbieter ist die Google Ireland Limited (\u201eGoogle\u201c), Gordon House, Barrow Street, Dublin 4, Irland.<\/p>\n<p>Google Analytics verwendet so genannte \u201eCookies\u201c. Das sind Textdateien, die auf Ihrem Computer gespeichert werden und die eine Analyse der Benutzung der Website durch Sie erm\u00f6glichen. Die durch den Cookie erzeugten Informationen \u00fcber Ihre Benutzung dieser Website werden in der Regel an einen Server von Google in den USA \u00fcbertragen und dort gespeichert.<\/p>\n<p>Die Speicherung von Google-Analytics-Cookies und die Nutzung dieses Analyse-Tools erfolgen auf Grundlage von Art. 6 Abs. 1 lit. f DSGVO. Der Websitebetreiber hat ein berechtigtes Interesse an der Analyse des Nutzerverhaltens, um sowohl sein Webangebot als auch seine Werbung zu optimieren. Sofern eine entsprechende Einwilligung abgefragt wurde (z. B. eine Einwilligung zur Speicherung von Cookies), erfolgt die Verarbeitung ausschlie\u00dflich auf Grundlage von Art. 6 Abs. 1 lit. a DSGVO; die Einwilligung ist jederzeit widerrufbar.<\/p>\n<h2 style=\"box-sizing: border-box; margin: 0px; padding: 0px 0px 10px; border: 0px; outline: 0px; font-size: 34px; text-size-adjust: 100%; vertical-align: baseline; background: #ffffff; color: #333333; line-height: 1em; font-weight: 500; font-family: 'Open Sans', Helvetica, Arial, Lucida, sans-serif; font-style: normal; font-variant-ligatures: normal; font-variant-caps: normal; letter-spacing: normal; orphans: 2; text-align: left; text-indent: 0px; text-transform: none; white-space: normal; widows: 2; word-spacing: 0px; -webkit-text-stroke-width: 0px; text-decoration-thickness: initial; text-decoration-style: initial; text-decoration-color: initial;\">Informationen f\u00fcr unsere Interessenten, Kunden, externen Anbieter und Bewerber<\/h2>\n<p style=\"box-sizing: border-box; margin: 0px; padding: 0px 0px 1em; border: 0px; outline: 0px; font-size: 16px; text-size-adjust: 100%; vertical-align: baseline; background: #ffffff; color: #666666; font-family: 'Open Sans', Helvetica, Arial, Lucida, sans-serif; font-style: normal; font-variant-ligatures: normal; font-variant-caps: normal; font-weight: 500; letter-spacing: normal; orphans: 2; text-align: left; text-indent: 0px; text-transform: none; white-space: normal; widows: 2; word-spacing: 0px; -webkit-text-stroke-width: 0px; text-decoration-thickness: initial; text-decoration-style: initial; text-decoration-color: initial;\">Wir erheben und verarbeiten personenbezogene Daten im Rahmen unserer Gesch\u00e4ftsbeziehung, d.h. Daten der Kunden, Lieferanten und weiteren Dienstleistern direkt beim Betroffenen und mit deren Mitwirkung.<\/p>\n<p style=\"box-sizing: border-box; margin: 0px; padding: 0px 0px 1em; border: 0px; outline: 0px; font-size: 16px; text-size-adjust: 100%; vertical-align: baseline; background: #ffffff; color: #666666; font-family: 'Open Sans', Helvetica, Arial, Lucida, sans-serif; font-style: normal; font-variant-ligatures: normal; font-variant-caps: normal; font-weight: 500; letter-spacing: normal; orphans: 2; text-align: left; text-indent: 0px; text-transform: none; white-space: normal; widows: 2; word-spacing: 0px; -webkit-text-stroke-width: 0px; text-decoration-thickness: initial; text-decoration-style: initial; text-decoration-color: initial;\">Es kann ausnahmsweise vorkommen, dass wir personenbezogenen Daten unserer Kunden, Lieferanten, weiteren Dienstleistern von einem Dritten erhalten (sog. \u201eDritterhebung\u201c). In diesem Falle werden Sie als Betroffener gem\u00e4\u00df der gesetzlichen Verpflichtung aus Art. 14 DS-GVO hier\u00fcber umgehend informiert. Das betrifft die Kategorien der personenbezogenen Daten, die wir von dem Dritten \u00fcber Sie erhoben haben sowie die Angabe der Quelle, aus welcher diese Daten stammen, gegebenenfalls ob sie aus \u00f6ffentlich zug\u00e4nglichen Quellen stammen.<\/p>\n<p style=\"box-sizing: border-box; margin: 0px; padding: 0px 0px 1em; border: 0px; outline: 0px; font-size: 16px; text-size-adjust: 100%; vertical-align: baseline; background: #ffffff; color: #666666; font-family: 'Open Sans', Helvetica, Arial, Lucida, sans-serif; font-style: normal; font-variant-ligatures: normal; font-variant-caps: normal; font-weight: 500; letter-spacing: normal; orphans: 2; text-align: left; text-indent: 0px; text-transform: none; white-space: normal; widows: 2; word-spacing: 0px; -webkit-text-stroke-width: 0px; text-decoration-thickness: initial; text-decoration-style: initial; text-decoration-color: initial;\">Die Erhebung und Verarbeitung von Daten unserer Gesch\u00e4ftspartner erfolgt zur Durchf\u00fchrung unserer Vertr\u00e4ge oder zur Durchf\u00fchrung vorvertraglicher Ma\u00dfnahmen (Art 6 Abs. 1 lit. b DSGVO). Die Zwecke der Datenverarbeitung richten sich in erster Linie nach den bestellten Produkten bzw. Dienstleistung. Die Erhebung und Verarbeitung von Daten erfolgt dar\u00fcber hinaus im Rahmen s\u00e4mtlicher Hilfsgesch\u00e4fte, die uns die Erbringung der Leistungen erm\u00f6glichen oder sogar Voraussetzung zu deren Erbringung sind (z.B. arbeitsrechtliche, steuerrechtliche, sozial-versicherungsrechtliche, sicherheitstechnische Gesch\u00e4fte) einschlie\u00dflich der Durchfu\u0308hrung vorvertraglicher Ma\u00dfnahmen, die auf Anfrage von Betroffenen hin erfolgen.<\/p>\n<p style=\"box-sizing: border-box; margin: 0px; padding: 0px 0px 1em; border: 0px; outline: 0px; font-size: 16px; text-size-adjust: 100%; vertical-align: baseline; background: #ffffff; color: #666666; font-family: 'Open Sans', Helvetica, Arial, Lucida, sans-serif; font-style: normal; font-variant-ligatures: normal; font-variant-caps: normal; font-weight: 500; letter-spacing: normal; orphans: 2; text-align: left; text-indent: 0px; text-transform: none; white-space: normal; widows: 2; word-spacing: 0px; -webkit-text-stroke-width: 0px; text-decoration-thickness: initial; text-decoration-style: initial; text-decoration-color: initial;\">Mitarbeiter unserer Interessenten, Kunden und externen Dienstleister, deren personenbezogene Daten wir im Zuge der oben genannten Zwecke als Ansprechpartner bzw. Kontaktperson erheben, verarbeiten wir nur im erforderlichen Umfang zur Wahrung unserer berechtigten Interessen (Art 6 Abs. 1 lit. f DSGVO); dies betrifft konkret: Vorname, Nachname, Anrede und gegebenenfalls Funktion der Kontaktperson.<\/p>\n<p style=\"box-sizing: border-box; margin: 0px; padding: 0px 0px 1em; border: 0px; outline: 0px; font-size: 16px; text-size-adjust: 100%; vertical-align: baseline; background: #ffffff; color: #666666; font-family: 'Open Sans', Helvetica, Arial, Lucida, sans-serif; font-style: normal; font-variant-ligatures: normal; font-variant-caps: normal; font-weight: 500; letter-spacing: normal; orphans: 2; text-align: left; text-indent: 0px; text-transform: none; white-space: normal; widows: 2; word-spacing: 0px; -webkit-text-stroke-width: 0px; text-decoration-thickness: initial; text-decoration-style: initial; text-decoration-color: initial;\">Auf Basis Art. 6 Abs. 1 f DSGVO verarbeiten wir personenbezogene Daten \u00fcber die eigentliche Erf\u00fcllung des Vertrages bzw. vorvertraglicher Ma\u00dfnahmen hinaus zur Wahrung berechtigter Interessen von uns oder von Dritten. Solche berechtigten Interessen sind beispielsweise:<\/p>\n<ul style=\"box-sizing: border-box; margin: 0px; padding: 0px 0px 1em 1em; border: 0px; outline: 0px; font-size: 16px; text-size-adjust: 100%; vertical-align: baseline; background: #ffffff; list-style: disc; line-height: 26px; color: #666666; font-family: 'Open Sans', Helvetica, Arial, Lucida, sans-serif; font-style: normal; font-variant-ligatures: normal; font-variant-caps: normal; font-weight: 500; letter-spacing: normal; orphans: 2; text-align: left; text-indent: 0px; text-transform: none; white-space: normal; widows: 2; word-spacing: 0px; -webkit-text-stroke-width: 0px; text-decoration-thickness: initial; text-decoration-style: initial; text-decoration-color: initial;\">\n<li style=\"box-sizing: border-box; margin: 0px; padding: 0px; border: 0px; outline: 0px; font-size: 16px; text-size-adjust: 100%; vertical-align: baseline; background: transparent;\">Geltendmachung rechtlicher Anspr\u00fcche und Verteidigung bei rechtlichen Streitigkeiten<\/li>\n<li style=\"box-sizing: border-box; margin: 0px; padding: 0px; border: 0px; outline: 0px; font-size: 16px; text-size-adjust: 100%; vertical-align: baseline; background: transparent;\">Gew\u00e4hrleistung der IT-Sicherheit und des IT-Betriebs unserer Datenverarbeitungsanlagen<\/li>\n<li style=\"box-sizing: border-box; margin: 0px; padding: 0px; border: 0px; outline: 0px; font-size: 16px; text-size-adjust: 100%; vertical-align: baseline; background: transparent;\">Verhinderung und Aufkl\u00e4rung von Straftaten<\/li>\n<li style=\"box-sizing: border-box; margin: 0px; padding: 0px; border: 0px; outline: 0px; font-size: 16px; text-size-adjust: 100%; vertical-align: baseline; background: transparent;\">Ma\u00dfnahmen zur Geb\u00e4ude- und Anlagensicherheit (z.B. Zutrittskontrollen)<\/li>\n<li style=\"box-sizing: border-box; margin: 0px; padding: 0px; border: 0px; outline: 0px; font-size: 16px; text-size-adjust: 100%; vertical-align: baseline; background: transparent;\">Ma\u00dfnahmen zur Sicherstellung des Hausrechts<\/li>\n<li style=\"box-sizing: border-box; margin: 0px; padding: 0px; border: 0px; outline: 0px; font-size: 16px; text-size-adjust: 100%; vertical-align: baseline; background: transparent;\">Ma\u00dfnahmen zur Gescha\u0308ftssteuerung und Weiterentwicklung von Dienstleistungen und Produkten<\/li>\n<li style=\"box-sizing: border-box; margin: 0px; padding: 0px; border: 0px; outline: 0px; font-size: 16px; text-size-adjust: 100%; vertical-align: baseline; background: transparent;\">Erhebung und Verarbeitung zur Erf\u00fcllung einer rechtlichen Verpflichtung, der wir unterliegen (Art. 6 Abs. 1 c DS-GVO)<\/li>\n<li style=\"box-sizing: border-box; margin: 0px; padding: 0px; border: 0px; outline: 0px; font-size: 16px; text-size-adjust: 100%; vertical-align: baseline; background: transparent;\">Zudem unterliegen wir als Produktionsbetrieb und Arbeitgeber diversen rechtlichen Verpflichtungen, das hei\u00dft gesetzlichen Anforderungen (z.B. aus technische Normen, nach Sozialversicherungsgesetzen, Arbeitsschutzgesetzen und nach Steuergesetzen).<\/li>\n<\/ul>\n<p style=\"box-sizing: border-box; margin: 0px; padding: 0px 0px 1em; border: 0px; outline: 0px; font-size: 16px; text-size-adjust: 100%; vertical-align: baseline; background: #ffffff; color: #666666; font-family: 'Open Sans', Helvetica, Arial, Lucida, sans-serif; font-style: normal; font-variant-ligatures: normal; font-variant-caps: normal; font-weight: 500; letter-spacing: normal; orphans: 2; text-align: left; text-indent: 0px; text-transform: none; white-space: normal; widows: 2; word-spacing: 0px; -webkit-text-stroke-width: 0px; text-decoration-thickness: initial; text-decoration-style: initial; text-decoration-color: initial;\">Die Erhebung und Verarbeitung erfolgt dar\u00fcber hinaus nur mit der ausdr\u00fccklichen Einwilligung (Art. 6 Abs. 1 a DSGVO) des Betroffene f\u00fcr eindeutig definierte Zwecke. Die Rechtm\u00e4\u00dfigkeit dieser Verarbeitung ist dann auf Basis der Einwilligung gegeben. Eine erteilte Einwilligung kann jederzeit widerrufen werden. Dies gilt auch f\u00fcr den Widerruf von Einwilligungserkla\u0308rungen, die vor der Geltung der DSGVO, also vor dem 25. Mai 2018, uns gegen\u00fcber erteilt worden sind. Der Widerruf einer Einwilligung ist erst wirksam f\u00fcr die Zukunft und ber\u00fchrt nicht die Rechtm\u00e4\u00dfigkeit der bis zum Widerruf verarbeiteten Daten.<\/p>\n<p style=\"box-sizing: border-box; margin: 0px; padding: 0px 0px 1em; border: 0px; outline: 0px; font-size: 16px; text-size-adjust: 100%; vertical-align: baseline; background: #ffffff; color: #666666; font-family: 'Open Sans', Helvetica, Arial, Lucida, sans-serif; font-style: normal; font-variant-ligatures: normal; font-variant-caps: normal; font-weight: 500; letter-spacing: normal; orphans: 2; text-align: left; text-indent: 0px; text-transform: none; white-space: normal; widows: 2; word-spacing: 0px; -webkit-text-stroke-width: 0px; text-decoration-thickness: initial; text-decoration-style: initial; text-decoration-color: initial;\">Innerhalb des Unternehmens erhalten diejenigen Stellen Zugriff auf Ihre Daten, die diese zur Erf\u00fcllung unserer vertraglichen und gesetzlichen Pflichten brauchen. Auch von uns eingesetzte Dienstleister und Erf\u00fcllungsgehilfen, auch solche Stellen, die nach unserer Weisung Ihre personenbezogenen Daten in unserem Auftrag verarbeiten (sog. \u201eAuftragsverarbeiter\u201c) k\u00f6nnen zu diesen Zwecken Daten erhalten. Dies sind Unternehmen in den Kategorien kreditwirtschaftliche Leistungen, IT-Dienstleistungen, Logistik, Druckdienstleistungen, Telekommunikation, Inkasso, Beratung, Vertrieb und Marketing, Steuern, Finanzen, Sozialversicherung und Arbeitsverwaltung. Empf\u00e4nger k\u00f6nnen auch \u00f6ffentliche Stellen bei Vorliegen einer gesetzlichen oder beh\u00f6rdlichen Verpflichtung sein. Weitere Datenempfa\u0308nger k\u00f6nnen diejenigen Stellen sein, f\u00fcr die Sie uns Ihre Einwilligung zur Datenu\u0308bermittlung erteilt haben oder an die wir aufgrund einer Interessenabwa\u0308gung befugt sind, personenbezogene Daten zu \u00fcbermitteln.<\/p>\n<p style=\"box-sizing: border-box; margin: 0px; padding: 0px 0px 1em; border: 0px; outline: 0px; font-size: 16px; text-size-adjust: 100%; vertical-align: baseline; background: #ffffff; color: #666666; font-family: 'Open Sans', Helvetica, Arial, Lucida, sans-serif; font-style: normal; font-variant-ligatures: normal; font-variant-caps: normal; font-weight: 500; letter-spacing: normal; orphans: 2; text-align: left; text-indent: 0px; text-transform: none; white-space: normal; widows: 2; word-spacing: 0px; -webkit-text-stroke-width: 0px; text-decoration-thickness: initial; text-decoration-style: initial; text-decoration-color: initial;\">Personenbezogene Daten l\u00f6schen wir, wenn sie f\u00fcr die Zwecke, f\u00fcr die sie erhoben oder auf sonstige Weise verarbeitet wurden, nicht mehr notwendig sind. Der Zweck einer Datenverarbeitung entscheidet also auf \u00fcber die zul\u00e4ssige Dauer der Speicherung der verarbeiteten Daten. Dar\u00fcber hinaus unterliegen wir den gesetzlichen Aufbewahrungsfristen nach HGB und l\u00f6schen Ihre Daten nach Ablauf dieser Fristen.<\/p>\n<h2 style=\"box-sizing: border-box; margin: 0px; padding: 0px 0px 10px; border: 0px; outline: 0px; font-size: 34px; text-size-adjust: 100%; vertical-align: baseline; background: #ffffff; color: #333333; line-height: 1em; font-weight: 500; font-family: 'Open Sans', Helvetica, Arial, Lucida, sans-serif; font-style: normal; font-variant-ligatures: normal; font-variant-caps: normal; letter-spacing: normal; orphans: 2; text-align: left; text-indent: 0px; text-transform: none; white-space: normal; widows: 2; word-spacing: 0px; -webkit-text-stroke-width: 0px; text-decoration-thickness: initial; text-decoration-style: initial; text-decoration-color: initial;\">Informationen f\u00fcr Bewerber<\/h2>\n<p style=\"box-sizing: border-box; margin: 0px; padding: 0px 0px 1em; border: 0px; outline: 0px; font-size: 16px; text-size-adjust: 100%; vertical-align: baseline; background: #ffffff; color: #666666; font-family: 'Open Sans', Helvetica, Arial, Lucida, sans-serif; font-style: normal; font-variant-ligatures: normal; font-variant-caps: normal; font-weight: 500; letter-spacing: normal; orphans: 2; text-align: left; text-indent: 0px; text-transform: none; white-space: normal; widows: 2; word-spacing: 0px; -webkit-text-stroke-width: 0px; text-decoration-thickness: initial; text-decoration-style: initial; text-decoration-color: initial;\">Wenn Sie sich dazu entscheiden, sich bei unserer Firma zu bewerben, speichern und verarbeiten wir Ihre Daten ausschlie\u00dflich zweckgebunden f\u00fcr die Besetzung von Stellen innerhalb unseres Unternehmens auf Basis Art. 88 Abs. 1 DS-GVO i. V. m. \u00a7 26 Abs. 1 BDSG. Folgende Daten werden erhoben:<\/p>\n<ul style=\"box-sizing: border-box; margin: 0px; padding: 0px 0px 1em 1em; border: 0px; outline: 0px; font-size: 16px; text-size-adjust: 100%; vertical-align: baseline; background: #ffffff; list-style: disc; line-height: 26px; color: #666666; font-family: 'Open Sans', Helvetica, Arial, Lucida, sans-serif; font-style: normal; font-variant-ligatures: normal; font-variant-caps: normal; font-weight: 500; letter-spacing: normal; orphans: 2; text-align: left; text-indent: 0px; text-transform: none; white-space: normal; widows: 2; word-spacing: 0px; -webkit-text-stroke-width: 0px; text-decoration-thickness: initial; text-decoration-style: initial; text-decoration-color: initial;\">\n<li style=\"box-sizing: border-box; margin: 0px; padding: 0px; border: 0px; outline: 0px; font-size: 16px; text-size-adjust: 100%; vertical-align: baseline; background: transparent;\">Stammdaten (Vorname, Nachname, Namenszus\u00e4tze, Geburtsdatum)<\/li>\n<li style=\"box-sizing: border-box; margin: 0px; padding: 0px; border: 0px; outline: 0px; font-size: 16px; text-size-adjust: 100%; vertical-align: baseline; background: transparent;\">Adressdaten<\/li>\n<li style=\"box-sizing: border-box; margin: 0px; padding: 0px; border: 0px; outline: 0px; font-size: 16px; text-size-adjust: 100%; vertical-align: baseline; background: transparent;\">Kontaktdaten (Telefonnummern, Faxnummer, E-Mail-Adresse)<\/li>\n<li style=\"box-sizing: border-box; margin: 0px; padding: 0px; border: 0px; outline: 0px; font-size: 16px; text-size-adjust: 100%; vertical-align: baseline; background: transparent;\">Arbeitserlaubnis, Aufenthaltstitel<\/li>\n<li style=\"box-sizing: border-box; margin: 0px; padding: 0px; border: 0px; outline: 0px; font-size: 16px; text-size-adjust: 100%; vertical-align: baseline; background: transparent;\">Bewerbungsunterlagen (Bewerbungsschreiben, Lebenslauf, Zeugnisse, Referenzen, Zertifikate, u.\u00e4.)<\/li>\n<\/ul>\n<p style=\"box-sizing: border-box; margin: 0px; padding: 0px 0px 1em; border: 0px; outline: 0px; font-size: 16px; text-size-adjust: 100%; vertical-align: baseline; background: #ffffff; color: #666666; font-family: 'Open Sans', Helvetica, Arial, Lucida, sans-serif; font-style: normal; font-variant-ligatures: normal; font-variant-caps: normal; font-weight: 500; letter-spacing: normal; orphans: 2; text-align: left; text-indent: 0px; text-transform: none; white-space: normal; widows: 2; word-spacing: 0px; -webkit-text-stroke-width: 0px; text-decoration-thickness: initial; text-decoration-style: initial; text-decoration-color: initial;\">Ihre Daten werden intern grunds\u00e4tzlich nur an die f\u00fcr das Besetzungsverfahren zust\u00e4ndige innerbetrieblichen Stellen und Fachabteilungen der Firma Albrecht Elektrotechnik GmbH weiteregegeben. Eine Weitergabe an Dritte erfolgt nicht.<\/p>\n<p style=\"box-sizing: border-box; margin: 0px; padding: 0px 0px 1em; border: 0px; outline: 0px; font-size: 16px; text-size-adjust: 100%; vertical-align: baseline; background: #ffffff; color: #666666; font-family: 'Open Sans', Helvetica, Arial, Lucida, sans-serif; font-style: normal; font-variant-ligatures: normal; font-variant-caps: normal; font-weight: 500; letter-spacing: normal; orphans: 2; text-align: left; text-indent: 0px; text-transform: none; white-space: normal; widows: 2; word-spacing: 0px; -webkit-text-stroke-width: 0px; text-decoration-thickness: initial; text-decoration-style: initial; text-decoration-color: initial;\">Im Falle einer Einstellung \u00fcbernehmen wir Ihre Bewerbungsunterlagen in Ihre Personalakte. Kommt kein Besch\u00e4ftigungsverh\u00e4ltnis zustande, erfolgt eine L\u00f6schung Ihrer Bewerbungsdaten sp\u00e4testens 6 Monate nach Abschluss des Bewerbungsverfahrens. Sollte aufgrund Ihres Profils Ihre Bewerbung eventuell f\u00fcr k\u00fcnftige Stellenausschreibungen interessant sein, speichern wir Ihre Bewerberdaten nur, wenn Sie uns Ihre ausdr\u00fcckliche Einwilligung hierf\u00fcr erteilt haben. In diesem Fall erfolgt eine L\u00f6schung Ihrer Bewerbungsdaten nach einer Frist von 12 Monaten.<\/p>\n<h2 style=\"box-sizing: border-box; margin: 0px; padding: 0px 0px 10px; border: 0px; outline: 0px; font-size: 34px; text-size-adjust: 100%; vertical-align: baseline; background: #ffffff; color: #333333; line-height: 1em; font-weight: 500; font-family: 'Open Sans', Helvetica, Arial, Lucida, sans-serif; font-style: normal; font-variant-ligatures: normal; font-variant-caps: normal; letter-spacing: normal; orphans: 2; text-align: left; text-indent: 0px; text-transform: none; white-space: normal; widows: 2; word-spacing: 0px; -webkit-text-stroke-width: 0px; text-decoration-thickness: initial; text-decoration-style: initial; text-decoration-color: initial;\">\u00c4nderung unserer Datenschutzbestimmungen<\/h2>\n<p style=\"box-sizing: border-box; margin: 0px; padding: 0px 0px 1em; border: 0px; outline: 0px; font-size: 16px; text-size-adjust: 100%; vertical-align: baseline; background: #ffffff; color: #666666; font-family: 'Open Sans', Helvetica, Arial, Lucida, sans-serif; font-style: normal; font-variant-ligatures: normal; font-variant-caps: normal; font-weight: 500; letter-spacing: normal; orphans: 2; text-align: left; text-indent: 0px; text-transform: none; white-space: normal; widows: 2; word-spacing: 0px; -webkit-text-stroke-width: 0px; text-decoration-thickness: initial; text-decoration-style: initial; text-decoration-color: initial;\">Wir behalten uns vor, diesen Datenschutzhinweis anzupassen, damit sie stets den aktuellen rechtlichen Anforderungen entspricht oder um \u00c4nderungen unserer Leistungen im Datenschutzhinweis umzusetzen, z.B. bei der Einf\u00fchrung neuer Services. F\u00fcr Ihren erneuten Besuch gilt dann der neue Datenschutzhinweis.<\/p>\n<p style=\"box-sizing: border-box; margin: 0px; padding: 0px; border: 0px; outline: 0px; font-size: 16px; text-size-adjust: 100%; vertical-align: baseline; background: #ffffff; color: #666666; font-family: 'Open Sans', Helvetica, Arial, Lucida, sans-serif; font-style: normal; font-variant-ligatures: normal; font-variant-caps: normal; font-weight: 500; letter-spacing: normal; orphans: 2; text-align: left; text-indent: 0px; text-transform: none; white-space: normal; widows: 2; word-spacing: 0px; -webkit-text-stroke-width: 0px; text-decoration-thickness: initial; text-decoration-style: initial; text-decoration-color: initial;\">Stand: 06.07.2018<\/p>\n<p>[\/et_pb_text][\/et_pb_column][\/et_pb_row][\/et_pb_section][et_pb_section fb_built=&#8221;1&#8243; fullwidth=&#8221;on&#8221; _builder_version=&#8221;3.22&#8243;][et_pb_fullwidth_slider show_arrows=&#8221;off&#8221; show_pagination=&#8221;off&#8221; admin_label=&#8221;FOOTER PIC&#8221; _builder_version=&#8221;3.16&#8243; background_image=&#8221;https:\/\/albrecht-elektrotechnik.de\/wp-content\/uploads\/2018\/05\/pic4.jpg&#8221; parallax=&#8221;on&#8221; button_text_size__hover_enabled=&#8221;off&#8221; button_one_text_size__hover_enabled=&#8221;off&#8221; button_two_text_size__hover_enabled=&#8221;off&#8221; button_text_color__hover_enabled=&#8221;off&#8221; button_one_text_color__hover_enabled=&#8221;off&#8221; button_two_text_color__hover_enabled=&#8221;off&#8221; button_border_width__hover_enabled=&#8221;off&#8221; button_one_border_width__hover_enabled=&#8221;off&#8221; button_two_border_width__hover_enabled=&#8221;off&#8221; button_border_color__hover_enabled=&#8221;off&#8221; button_one_border_color__hover_enabled=&#8221;off&#8221; button_two_border_color__hover_enabled=&#8221;off&#8221; button_border_radius__hover_enabled=&#8221;off&#8221; button_one_border_radius__hover_enabled=&#8221;off&#8221; button_two_border_radius__hover_enabled=&#8221;off&#8221; button_letter_spacing__hover_enabled=&#8221;off&#8221; button_one_letter_spacing__hover_enabled=&#8221;off&#8221; button_two_letter_spacing__hover_enabled=&#8221;off&#8221; button_bg_color__hover_enabled=&#8221;off&#8221; button_one_bg_color__hover_enabled=&#8221;off&#8221; button_two_bg_color__hover_enabled=&#8221;off&#8221;][et_pb_slide button_text=&#8221;Contact &#8221; button_link=&#8221;\/index.php\/kontakt\/&#8221; use_bg_overlay=&#8221;on&#8221; bg_overlay_color=&#8221;rgba(0,0,0,0.5)&#8221; use_text_overlay=&#8221;off&#8221; admin_title=&#8221;BUTTON&#8221; _builder_version=&#8221;3.16&#8243; header_font=&#8221;Open Sans|300|||||||&#8221; header_text_align=&#8221;center&#8221; header_font_size=&#8221;70&#8243; custom_button=&#8221;on&#8221; button_text_color=&#8221;#ffffff&#8221; button_bg_color=&#8221;rgba(255,255,255,0)&#8221; button_border_color=&#8221;#ffffff&#8221; button_font=&#8221;Open Sans|||on|||||&#8221; button_use_icon=&#8221;off&#8221; button_alignment=&#8221;center&#8221; header_font_size_tablet=&#8221;70&#8243; header_font_size_phone=&#8221;70&#8243; button_text_color_hover=&#8221;#ffffff&#8221; button_border_color_hover=&#8221;#005c99&#8243; button_bg_color_hover=&#8221;#005c99&#8243; button_text_size__hover_enabled=&#8221;off&#8221; button_one_text_size__hover_enabled=&#8221;off&#8221; button_two_text_size__hover_enabled=&#8221;off&#8221; button_text_color__hover_enabled=&#8221;on&#8221; button_text_color__hover=&#8221;#ffffff&#8221; button_one_text_color__hover_enabled=&#8221;off&#8221; button_two_text_color__hover_enabled=&#8221;off&#8221; button_border_width__hover_enabled=&#8221;off&#8221; button_one_border_width__hover_enabled=&#8221;off&#8221; button_two_border_width__hover_enabled=&#8221;off&#8221; button_border_color__hover_enabled=&#8221;on&#8221; button_border_color__hover=&#8221;#005c99&#8243; button_one_border_color__hover_enabled=&#8221;off&#8221; button_two_border_color__hover_enabled=&#8221;off&#8221; button_border_radius__hover_enabled=&#8221;off&#8221; button_one_border_radius__hover_enabled=&#8221;off&#8221; button_two_border_radius__hover_enabled=&#8221;off&#8221; button_letter_spacing__hover_enabled=&#8221;off&#8221; button_one_letter_spacing__hover_enabled=&#8221;off&#8221; button_two_letter_spacing__hover_enabled=&#8221;off&#8221; button_bg_color__hover_enabled=&#8221;on&#8221; button_bg_color__hover=&#8221;#005c99&#8243; button_one_bg_color__hover_enabled=&#8221;off&#8221; button_two_bg_color__hover_enabled=&#8221;off&#8221; sticky_transition=&#8221;on&#8221;][\/et_pb_slide][\/et_pb_fullwidth_slider][\/et_pb_section][et_pb_section fb_built=&#8221;1&#8243; admin_label=&#8221;hintergrund&#8221; _builder_version=&#8221;3.22&#8243; background_color=&#8221;#005c99&#8243; background_image=&#8221;https:\/\/albrecht-elektrotechnik.de\/wp-content\/uploads\/2018\/05\/back_footer.png&#8221; background_position=&#8221;bottom_right&#8221; custom_padding=&#8221;0|0px|0|0px|false|false&#8221; z_index_tablet=&#8221;500&#8243; global_module=&#8221;2421&#8243; saved_tabs=&#8221;all&#8221; locked=&#8221;off&#8221;][et_pb_row column_structure=&#8221;1_5,1_5,1_5,1_5,1_5&#8243; _builder_version=&#8221;4.6.5&#8243; locked=&#8221;off&#8221;][et_pb_column type=&#8221;1_5&#8243; _builder_version=&#8221;3.0.47&#8243; custom_padding=&#8221;|||&#8221; custom_padding__hover=&#8221;|||&#8221;][et_pb_text admin_label=&#8221;Anschrift&#8221; _builder_version=&#8221;3.27.4&#8243; text_font=&#8221;Open Sans||||||||&#8221; text_text_color=&#8221;#ffffff&#8221; text_font_size=&#8221;14px&#8221; text_line_height=&#8221;1.6em&#8221;]<strong>Albrecht Elektrotechnik GmbH<br \/>\n<\/strong>Im Engelfeld 10<br \/>\n87509 Immenstadt<\/p>\n<p>Konrad-Zuse-Stra\u00dfe 1<br \/>\n87509 Immenstadt<\/p>\n<p><span style=\"color: #ffffff;\">Tel. \u00a0+49 8323 9651 0<\/span><br \/>\n<span style=\"color: #ffffff;\"> Fax. +49 8323 9651 91<\/span>[\/et_pb_text][\/et_pb_column][et_pb_column type=&#8221;1_5&#8243; _builder_version=&#8221;3.0.47&#8243; custom_padding=&#8221;|||&#8221; custom_padding__hover=&#8221;|||&#8221;][et_pb_text _builder_version=&#8221;4.6.6&#8243; text_text_color=&#8221;#ffffff&#8221; text_font_size=&#8221;14px&#8221; text_line_height=&#8221;1.6em&#8221; link_text_color=&#8221;#ffffff&#8221; z_index_tablet=&#8221;500&#8243;]<\/p>\n<p style=\"text-align: left;\"><a href=\"https:\/\/albrecht-elektrotechnik.de\/en\/index.php\/career\/\">Career<\/a><\/p>\n<p style=\"text-align: left;\"><a href=\"https:\/\/albrecht-elektrotechnik.de\/en\/index.php\/downloads\/\">Downloads<\/a><\/p>\n<p style=\"text-align: left;\"><a href=\"https:\/\/albrecht-elektrotechnik.de\/en\/index.php\/imprint\/\">Imprint<\/a><\/p>\n<p style=\"text-align: left;\"><a href=\"https:\/\/albrecht-elektrotechnik.de\/wp-content\/uploads\/2020\/01\/AGB.pdf\" target=\"_blank\" rel=\"noopener noreferrer\">General terms of business<\/a><\/p>\n<p><a href=\"https:\/\/albrecht-elektrotechnik.de\/en\/index.php\/data-protection-policy\/\">Data protection policy<\/a><\/p>\n<p>[\/et_pb_text][\/et_pb_column][et_pb_column type=&#8221;1_5&#8243; _builder_version=&#8221;3.0.47&#8243; custom_padding=&#8221;|||&#8221; custom_padding__hover=&#8221;|||&#8221;][et_pb_image src=&#8221;https:\/\/albrecht-elektrotechnik.de\/wp-content\/uploads\/2021\/01\/9001_14001_ger_tc_p.png&#8221; title_text=&#8221;9001_14001_ger_tc_p&#8221; align=&#8221;center&#8221; align_tablet=&#8221;center&#8221; align_phone=&#8221;&#8221; align_last_edited=&#8221;on|desktop&#8221; admin_label=&#8221;Zertifikat&#8221; _builder_version=&#8221;4.8.1&#8243; min_height=&#8221;108px&#8221; height=&#8221;131px&#8221; custom_margin=&#8221;|55px||||&#8221; custom_padding=&#8221;||0px|||&#8221;]<\/p>\n<p>&nbsp;<\/p>\n<p>[\/et_pb_image][\/et_pb_column][et_pb_column type=&#8221;1_5&#8243; _builder_version=&#8221;3.0.47&#8243; custom_padding=&#8221;|||&#8221; custom_padding__hover=&#8221;|||&#8221;][et_pb_image src=&#8221;https:\/\/albrecht-elektrotechnik.de\/wp-content\/uploads\/2019\/04\/Logo_EPLAN_4c_portrait.jpg&#8221; align_tablet=&#8221;center&#8221; align_phone=&#8221;&#8221; align_last_edited=&#8221;on|desktop&#8221; _builder_version=&#8221;3.23&#8243; max_width=&#8221;55px&#8221; z_index_tablet=&#8221;500&#8243;][\/et_pb_image][et_pb_image src=&#8221;https:\/\/albrecht-elektrotechnik.de\/wp-content\/uploads\/2019\/04\/ul_markshub_ul-c-us-r-listed-mark-2.png&#8221; align_tablet=&#8221;center&#8221; align_phone=&#8221;&#8221; align_last_edited=&#8221;on|desktop&#8221; disabled_on=&#8221;off|off|off&#8221; _builder_version=&#8221;3.26.6&#8243; max_width=&#8221;55px&#8221; z_index_tablet=&#8221;500&#8243;][\/et_pb_image][\/et_pb_column][et_pb_column type=&#8221;1_5&#8243; _builder_version=&#8221;3.0.47&#8243; custom_padding=&#8221;|||&#8221; custom_padding__hover=&#8221;|||&#8221;][et_pb_social_media_follow _builder_version=&#8221;4.6.6&#8243; _module_preset=&#8221;default&#8221;][et_pb_social_media_follow_network social_network=&#8221;facebook&#8221; url=&#8221;https:\/\/www.facebook.com\/albrechtelektrotechnik\/&#8221; _builder_version=&#8221;4.6.6&#8243; _module_preset=&#8221;default&#8221; background_color=&#8221;#3b5998&#8243; follow_button=&#8221;off&#8221; url_new_window=&#8221;on&#8221;]facebook[\/et_pb_social_media_follow_network][et_pb_social_media_follow_network social_network=&#8221;linkedin&#8221; url=&#8221;https:\/\/www.linkedin.com\/company\/albrecht-elektrotechnik-gmbh&#8221; _builder_version=&#8221;4.6.6&#8243; _module_preset=&#8221;default&#8221; background_color=&#8221;#007bb6&#8243; follow_button=&#8221;off&#8221; url_new_window=&#8221;on&#8221;]linkedin[\/et_pb_social_media_follow_network][et_pb_social_media_follow_network social_network=&#8221;instagram&#8221; url=&#8221;https:\/\/www.instagram.com\/albrecht_elektrotechnik\/&#8221; _builder_version=&#8221;4.6.6&#8243; _module_preset=&#8221;default&#8221; background_color=&#8221;#ea2c59&#8243; follow_button=&#8221;off&#8221; url_new_window=&#8221;on&#8221;]instagram[\/et_pb_social_media_follow_network][\/et_pb_social_media_follow][\/et_pb_column][\/et_pb_row][\/et_pb_section]<\/p>\n","protected":false},"excerpt":{"rendered":"<p>Datenschutzhinweis Der Schutz Ihrer personenbezogenen Daten hat einen besonders hohen Stellenwert f\u00fcr die Firma Albrecht Elektrotechnik GmbH. Name und Anschrift der verantwortlichen Stelle Verantwortlicher im Sinne der Datenschutz-Grundverordnung, sonstiger in den Mitgliedstaaten der Europ\u00e4ischen Union geltenden Datenschutzgesetze und anderer Bestimmungen mit datenschutzrechtlichem Charakter ist die Albrecht Elektrotechnik GmbHIm Engelfeld 10D \u2013 87509 ImmenstadtTelefon: +49 8323 [&hellip;]<\/p>\n","protected":false},"author":5,"featured_media":0,"parent":0,"menu_order":0,"comment_status":"closed","ping_status":"closed","template":"","meta":{"_et_pb_use_builder":"on","_et_pb_old_content":"","_et_gb_content_width":"","footnotes":""},"class_list":["post-1108","page","type-page","status-publish","hentry"],"yoast_head":"<!-- This site is optimized with the Yoast SEO plugin v27.5 - https:\/\/yoast.com\/product\/yoast-seo-wordpress\/ -->\n<title>Data protection policy - Albrecht Elektrotechnik GmbH<\/title>\n<meta name=\"robots\" content=\"index, follow, max-snippet:-1, max-image-preview:large, max-video-preview:-1\" \/>\n<link rel=\"canonical\" href=\"https:\/\/albrecht-elektrotechnik.de\/en\/index.php\/data-protection-policy\/\" \/>\n<meta property=\"og:locale\" content=\"en_US\" \/>\n<meta property=\"og:type\" content=\"article\" \/>\n<meta property=\"og:title\" content=\"Data protection policy - Albrecht Elektrotechnik GmbH\" \/>\n<meta property=\"og:description\" content=\"Datenschutzhinweis Der Schutz Ihrer personenbezogenen Daten hat einen besonders hohen Stellenwert f\u00fcr die Firma Albrecht Elektrotechnik GmbH. Name und Anschrift der verantwortlichen Stelle Verantwortlicher im Sinne der Datenschutz-Grundverordnung, sonstiger in den Mitgliedstaaten der Europ\u00e4ischen Union geltenden Datenschutzgesetze und anderer Bestimmungen mit datenschutzrechtlichem Charakter ist die Albrecht Elektrotechnik GmbHIm Engelfeld 10D \u2013 87509 ImmenstadtTelefon: +49 8323 [&hellip;]\" \/>\n<meta property=\"og:url\" content=\"https:\/\/albrecht-elektrotechnik.de\/en\/index.php\/data-protection-policy\/\" \/>\n<meta property=\"og:site_name\" content=\"Albrecht Elektrotechnik GmbH\" \/>\n<meta property=\"article:publisher\" content=\"https:\/\/www.facebook.com\/albrechtelektrotechnik\/\" \/>\n<meta property=\"article:modified_time\" content=\"2021-05-06T12:16:57+00:00\" \/>\n<meta name=\"twitter:card\" content=\"summary_large_image\" \/>\n<meta name=\"twitter:label1\" content=\"Est. reading time\" \/>\n\t<meta name=\"twitter:data1\" content=\"20 minutes\" \/>\n<script type=\"application\/ld+json\" class=\"yoast-schema-graph\">{\"@context\":\"https:\\\/\\\/schema.org\",\"@graph\":[{\"@type\":\"WebPage\",\"@id\":\"https:\\\/\\\/albrecht-elektrotechnik.de\\\/en\\\/index.php\\\/data-protection-policy\\\/\",\"url\":\"https:\\\/\\\/albrecht-elektrotechnik.de\\\/en\\\/index.php\\\/data-protection-policy\\\/\",\"name\":\"Data protection policy - Albrecht Elektrotechnik GmbH\",\"isPartOf\":{\"@id\":\"https:\\\/\\\/albrecht-elektrotechnik.de\\\/#website\"},\"datePublished\":\"2018-10-25T09:04:59+00:00\",\"dateModified\":\"2021-05-06T12:16:57+00:00\",\"breadcrumb\":{\"@id\":\"https:\\\/\\\/albrecht-elektrotechnik.de\\\/en\\\/index.php\\\/data-protection-policy\\\/#breadcrumb\"},\"inLanguage\":\"en-US\",\"potentialAction\":[{\"@type\":\"ReadAction\",\"target\":[\"https:\\\/\\\/albrecht-elektrotechnik.de\\\/en\\\/index.php\\\/data-protection-policy\\\/\"]}]},{\"@type\":\"BreadcrumbList\",\"@id\":\"https:\\\/\\\/albrecht-elektrotechnik.de\\\/en\\\/index.php\\\/data-protection-policy\\\/#breadcrumb\",\"itemListElement\":[{\"@type\":\"ListItem\",\"position\":1,\"name\":\"Startseite\",\"item\":\"https:\\\/\\\/albrecht-elektrotechnik.de\\\/en\\\/\"},{\"@type\":\"ListItem\",\"position\":2,\"name\":\"Data protection policy\"}]},{\"@type\":\"WebSite\",\"@id\":\"https:\\\/\\\/albrecht-elektrotechnik.de\\\/#website\",\"url\":\"https:\\\/\\\/albrecht-elektrotechnik.de\\\/\",\"name\":\"Albrecht Elektrotechnik GmbH\",\"description\":\"Elektrotechnik und Maschinenbau unter einem Dach\",\"potentialAction\":[{\"@type\":\"SearchAction\",\"target\":{\"@type\":\"EntryPoint\",\"urlTemplate\":\"https:\\\/\\\/albrecht-elektrotechnik.de\\\/?s={search_term_string}\"},\"query-input\":{\"@type\":\"PropertyValueSpecification\",\"valueRequired\":true,\"valueName\":\"search_term_string\"}}],\"inLanguage\":\"en-US\"}]}<\/script>\n<!-- \/ Yoast SEO plugin. -->","yoast_head_json":{"title":"Data protection policy - Albrecht Elektrotechnik GmbH","robots":{"index":"index","follow":"follow","max-snippet":"max-snippet:-1","max-image-preview":"max-image-preview:large","max-video-preview":"max-video-preview:-1"},"canonical":"https:\/\/albrecht-elektrotechnik.de\/en\/index.php\/data-protection-policy\/","og_locale":"en_US","og_type":"article","og_title":"Data protection policy - Albrecht Elektrotechnik GmbH","og_description":"Datenschutzhinweis Der Schutz Ihrer personenbezogenen Daten hat einen besonders hohen Stellenwert f\u00fcr die Firma Albrecht Elektrotechnik GmbH. Name und Anschrift der verantwortlichen Stelle Verantwortlicher im Sinne der Datenschutz-Grundverordnung, sonstiger in den Mitgliedstaaten der Europ\u00e4ischen Union geltenden Datenschutzgesetze und anderer Bestimmungen mit datenschutzrechtlichem Charakter ist die Albrecht Elektrotechnik GmbHIm Engelfeld 10D \u2013 87509 ImmenstadtTelefon: +49 8323 [&hellip;]","og_url":"https:\/\/albrecht-elektrotechnik.de\/en\/index.php\/data-protection-policy\/","og_site_name":"Albrecht Elektrotechnik GmbH","article_publisher":"https:\/\/www.facebook.com\/albrechtelektrotechnik\/","article_modified_time":"2021-05-06T12:16:57+00:00","twitter_card":"summary_large_image","twitter_misc":{"Est. reading time":"20 minutes"},"schema":{"@context":"https:\/\/schema.org","@graph":[{"@type":"WebPage","@id":"https:\/\/albrecht-elektrotechnik.de\/en\/index.php\/data-protection-policy\/","url":"https:\/\/albrecht-elektrotechnik.de\/en\/index.php\/data-protection-policy\/","name":"Data protection policy - Albrecht Elektrotechnik GmbH","isPartOf":{"@id":"https:\/\/albrecht-elektrotechnik.de\/#website"},"datePublished":"2018-10-25T09:04:59+00:00","dateModified":"2021-05-06T12:16:57+00:00","breadcrumb":{"@id":"https:\/\/albrecht-elektrotechnik.de\/en\/index.php\/data-protection-policy\/#breadcrumb"},"inLanguage":"en-US","potentialAction":[{"@type":"ReadAction","target":["https:\/\/albrecht-elektrotechnik.de\/en\/index.php\/data-protection-policy\/"]}]},{"@type":"BreadcrumbList","@id":"https:\/\/albrecht-elektrotechnik.de\/en\/index.php\/data-protection-policy\/#breadcrumb","itemListElement":[{"@type":"ListItem","position":1,"name":"Startseite","item":"https:\/\/albrecht-elektrotechnik.de\/en\/"},{"@type":"ListItem","position":2,"name":"Data protection policy"}]},{"@type":"WebSite","@id":"https:\/\/albrecht-elektrotechnik.de\/#website","url":"https:\/\/albrecht-elektrotechnik.de\/","name":"Albrecht Elektrotechnik GmbH","description":"Elektrotechnik und Maschinenbau unter einem Dach","potentialAction":[{"@type":"SearchAction","target":{"@type":"EntryPoint","urlTemplate":"https:\/\/albrecht-elektrotechnik.de\/?s={search_term_string}"},"query-input":{"@type":"PropertyValueSpecification","valueRequired":true,"valueName":"search_term_string"}}],"inLanguage":"en-US"}]}},"_links":{"self":[{"href":"https:\/\/albrecht-elektrotechnik.de\/en\/index.php\/wp-json\/wp\/v2\/pages\/1108","targetHints":{"allow":["GET"]}}],"collection":[{"href":"https:\/\/albrecht-elektrotechnik.de\/en\/index.php\/wp-json\/wp\/v2\/pages"}],"about":[{"href":"https:\/\/albrecht-elektrotechnik.de\/en\/index.php\/wp-json\/wp\/v2\/types\/page"}],"author":[{"embeddable":true,"href":"https:\/\/albrecht-elektrotechnik.de\/en\/index.php\/wp-json\/wp\/v2\/users\/5"}],"replies":[{"embeddable":true,"href":"https:\/\/albrecht-elektrotechnik.de\/en\/index.php\/wp-json\/wp\/v2\/comments?post=1108"}],"version-history":[{"count":0,"href":"https:\/\/albrecht-elektrotechnik.de\/en\/index.php\/wp-json\/wp\/v2\/pages\/1108\/revisions"}],"wp:attachment":[{"href":"https:\/\/albrecht-elektrotechnik.de\/en\/index.php\/wp-json\/wp\/v2\/media?parent=1108"}],"curies":[{"name":"wp","href":"https:\/\/api.w.org\/{rel}","templated":true}]}}